{"version":"1.0","provider_name":"","provider_url":"https:\/\/credaf.org\/en","author_name":"sgcredaf","author_url":"https:\/\/credaf.org\/en\/author\/sgcredaf\/","title":"S\u00c9MINAIRE DES RESPONSABLES DU CONTR\u00d4LE FISCAL, Antananarivo (MADAGASCAR)","type":"rich","width":600,"height":338,"html":"<blockquote class=\"wp-embedded-content\" data-secret=\"AjzCw42oZU\"><a href=\"https:\/\/credaf.org\/en\/seminaire-des-responsables-du-controle-fiscal-antananarivo-madagascar\/\">S\u00c9MINAIRE DES RESPONSABLES DU CONTR\u00d4LE FISCAL &#8211; ANTANANARIVO (MADAGASCAR) &#8211; EN<\/a><\/blockquote><iframe sandbox=\"allow-scripts\" security=\"restricted\" src=\"https:\/\/credaf.org\/en\/seminaire-des-responsables-du-controle-fiscal-antananarivo-madagascar\/embed\/#?secret=AjzCw42oZU\" width=\"600\" height=\"338\" title=\"&#8220;S\u00c9MINAIRE DES RESPONSABLES DU CONTR\u00d4LE FISCAL &#8211; ANTANANARIVO (MADAGASCAR) &#8211; EN&#8221; &#8212; \" data-secret=\"AjzCw42oZU\" frameborder=\"0\" marginwidth=\"0\" marginheight=\"0\" scrolling=\"no\" class=\"wp-embedded-content\"><\/iframe><script type=\"text\/javascript\">\n\/* <![CDATA[ *\/\n\/*! This file is auto-generated *\/\n!function(d,l){\"use strict\";l.querySelector&&d.addEventListener&&\"undefined\"!=typeof URL&&(d.wp=d.wp||{},d.wp.receiveEmbedMessage||(d.wp.receiveEmbedMessage=function(e){var t=e.data;if((t||t.secret||t.message||t.value)&&!\/[^a-zA-Z0-9]\/.test(t.secret)){for(var s,r,n,a=l.querySelectorAll('iframe[data-secret=\"'+t.secret+'\"]'),o=l.querySelectorAll('blockquote[data-secret=\"'+t.secret+'\"]'),c=new RegExp(\"^https?:$\",\"i\"),i=0;i<o.length;i++)o[i].style.display=\"none\";for(i=0;i<a.length;i++)s=a[i],e.source===s.contentWindow&&(s.removeAttribute(\"style\"),\"height\"===t.message?(1e3<(r=parseInt(t.value,10))?r=1e3:~~r<200&&(r=200),s.height=r):\"link\"===t.message&&(r=new URL(s.getAttribute(\"src\")),n=new URL(t.value),c.test(n.protocol))&&n.host===r.host&&l.activeElement===s&&(d.top.location.href=t.value))}},d.addEventListener(\"message\",d.wp.receiveEmbedMessage,!1),l.addEventListener(\"DOMContentLoaded\",function(){for(var e,t,s=l.querySelectorAll(\"iframe.wp-embedded-content\"),r=0;r<s.length;r++)(t=(e=s[r]).getAttribute(\"data-secret\"))||(t=Math.random().toString(36).substring(2,12),e.src+=\"#?secret=\"+t,e.setAttribute(\"data-secret\",t)),e.contentWindow.postMessage({message:\"ready\",secret:t},\"*\")},!1)))}(window,document);\n\/\/# sourceURL=https:\/\/credaf.org\/wp-includes\/js\/wp-embed.min.js\n\/* ]]> *\/\n<\/script>","thumbnail_url":"https:\/\/credaf.org\/wp-content\/uploads\/2019\/11\/CREDAF-PHOTO-DE-GROUPE--scaled.jpg","thumbnail_width":3508,"thumbnail_height":2480,"description":"Un s\u00e9minaire des responsables du contr\u00f4le fiscal des pays du CREDAF s\u2019est tenu du 28 au 30 novembre dernier \u00e0 Antananarivo (Madagascar), sur le th\u00e8me \u201cLe contr\u00f4le fiscal \u2013 Travailler ensemble\u201c, organis\u00e9 en collaboration avec la Direction g\u00e9n\u00e9rale des Imp\u00f4ts de Madagascar et avec le soutien financier du Minist\u00e8re de l\u2019Europe et des Affaires \u00e9trang\u00e8res (MEAE) fran\u00e7ais. R\u00e9unissant plus d\u2019une"}