{"version":"1.0","provider_name":"","provider_url":"https:\/\/credaf.org\/en","author_name":"sgcredaf","author_url":"https:\/\/credaf.org\/en\/author\/sgcredaf\/","title":"Convention multilat\u00e9rale - BEPS","type":"rich","width":600,"height":338,"html":"<blockquote class=\"wp-embedded-content\" data-secret=\"KGcoO1XyXo\"><a href=\"https:\/\/credaf.org\/en\/signature-dune-convention-multilaterale-beps\/\">Signature d\u2019une convention multilat\u00e9rale pour la mise en \u0153uvre des mesures relatives aux conventions fiscales pour pr\u00e9venir le BEPS<\/a><\/blockquote><iframe sandbox=\"allow-scripts\" security=\"restricted\" src=\"https:\/\/credaf.org\/en\/signature-dune-convention-multilaterale-beps\/embed\/#?secret=KGcoO1XyXo\" width=\"600\" height=\"338\" title=\"&#8220;Signature d\u2019une convention multilat\u00e9rale pour la mise en \u0153uvre des mesures relatives aux conventions fiscales pour pr\u00e9venir le BEPS&#8221; &#8212; \" data-secret=\"KGcoO1XyXo\" frameborder=\"0\" marginwidth=\"0\" marginheight=\"0\" scrolling=\"no\" class=\"wp-embedded-content\"><\/iframe><script type=\"text\/javascript\">\n\/* <![CDATA[ *\/\n\/*! This file is auto-generated *\/\n!function(d,l){\"use strict\";l.querySelector&&d.addEventListener&&\"undefined\"!=typeof URL&&(d.wp=d.wp||{},d.wp.receiveEmbedMessage||(d.wp.receiveEmbedMessage=function(e){var t=e.data;if((t||t.secret||t.message||t.value)&&!\/[^a-zA-Z0-9]\/.test(t.secret)){for(var s,r,n,a=l.querySelectorAll('iframe[data-secret=\"'+t.secret+'\"]'),o=l.querySelectorAll('blockquote[data-secret=\"'+t.secret+'\"]'),c=new RegExp(\"^https?:$\",\"i\"),i=0;i<o.length;i++)o[i].style.display=\"none\";for(i=0;i<a.length;i++)s=a[i],e.source===s.contentWindow&&(s.removeAttribute(\"style\"),\"height\"===t.message?(1e3<(r=parseInt(t.value,10))?r=1e3:~~r<200&&(r=200),s.height=r):\"link\"===t.message&&(r=new URL(s.getAttribute(\"src\")),n=new URL(t.value),c.test(n.protocol))&&n.host===r.host&&l.activeElement===s&&(d.top.location.href=t.value))}},d.addEventListener(\"message\",d.wp.receiveEmbedMessage,!1),l.addEventListener(\"DOMContentLoaded\",function(){for(var e,t,s=l.querySelectorAll(\"iframe.wp-embedded-content\"),r=0;r<s.length;r++)(t=(e=s[r]).getAttribute(\"data-secret\"))||(t=Math.random().toString(36).substring(2,12),e.src+=\"#?secret=\"+t,e.setAttribute(\"data-secret\",t)),e.contentWindow.postMessage({message:\"ready\",secret:t},\"*\")},!1)))}(window,document);\n\/\/# sourceURL=https:\/\/credaf.org\/wp-includes\/js\/wp-embed.min.js\n\/* ]]> *\/\n<\/script>","thumbnail_url":"https:\/\/credaf.org\/wp-content\/uploads\/2017\/06\/34773924580_1ba43006f0_h.jpg","thumbnail_width":1600,"thumbnail_height":763,"description":"Les ministres et hauts repr\u00e9sentants de 76 pays et juridictions ont sign\u00e9 le 7 juin 2017 ou officiellement d\u00e9clar\u00e9 leur intention de signer une convention multilat\u00e9rale novatrice qui mettra rapidement en \u0153uvre une s\u00e9rie de mesures relatives aux conventions fiscales en vue d\u2019actualiser le r\u00e9seau existant de conventions fiscales bilat\u00e9rales et de restreindre les possibilit\u00e9s d\u2019\u00e9vasion fiscale par les entreprises multinationales."}