{"id":1338,"date":"2016-11-04T14:51:01","date_gmt":"2016-11-04T13:51:01","guid":{"rendered":"http:\/\/credaf.org\/?page_id=1338"},"modified":"2024-06-24T02:05:10","modified_gmt":"2024-06-24T00:05:10","slug":"guinee","status":"publish","type":"page","link":"https:\/\/credaf.org\/en\/guinee\/","title":{"rendered":"Guin\u00e9e"},"content":{"rendered":"<div data-elementor-type=\"wp-page\" data-elementor-id=\"1338\" class=\"elementor elementor-1338\">\n\t\t\t\t<div class=\"elementor-element elementor-element-b6f354c e-flex e-con-boxed wpr-particle-no wpr-jarallax-no wpr-parallax-no wpr-sticky-section-no wpr-equal-height-no e-con e-parent\" data-id=\"b6f354c\" data-element_type=\"container\" data-e-type=\"container\">\n\t\t\t\t\t<div class=\"e-con-inner\">\n\t\t\t\t<div class=\"elementor-element elementor-element-b2aa163 elementor-widget elementor-widget-heading\" data-id=\"b2aa163\" data-element_type=\"widget\" data-e-type=\"widget\" data-widget_type=\"heading.default\">\n\t\t\t\t<div class=\"elementor-widget-container\">\n\t\t\t\t\t<h2 class=\"elementor-heading-title elementor-size-default\">La R\u00e9publique de Guin\u00e9e<\/h2>\t\t\t\t<\/div>\n\t\t\t\t<\/div>\n\t\t\t\t\t<\/div>\n\t\t\t\t<\/div>\n\t\t<div class=\"elementor-element elementor-element-d804c81 e-flex e-con-boxed wpr-particle-no wpr-jarallax-no wpr-parallax-no wpr-sticky-section-no wpr-equal-height-no e-con e-parent\" data-id=\"d804c81\" data-element_type=\"container\" data-e-type=\"container\">\n\t\t\t\t\t<div class=\"e-con-inner\">\n\t\t<div class=\"elementor-element elementor-element-2cab57d e-con-full e-flex wpr-particle-no wpr-jarallax-no wpr-parallax-no wpr-sticky-section-no wpr-equal-height-no e-con e-child\" data-id=\"2cab57d\" data-element_type=\"container\" data-e-type=\"container\">\n\t\t\t\t<div class=\"elementor-element elementor-element-8f12d6b elementor-widget elementor-widget-text-editor\" data-id=\"8f12d6b\" data-element_type=\"widget\" data-e-type=\"widget\" data-widget_type=\"text-editor.default\">\n\t\t\t\t<div class=\"elementor-widget-container\">\n\t\t\t\t\t\t\t\t\t<p><span style=\"font-weight: bold; color: var( --e-global-color-text ); font-family: var( --e-global-typography-text-font-family ), Sans-serif;\">Nature du r\u00e9gime :<\/span><span style=\"color: var( --e-global-color-text ); font-family: var( --e-global-typography-text-font-family ), Sans-serif; font-weight: var( --e-global-typography-text-font-weight );\">\u00a0Pr\u00e9sidentiel<br \/><\/span><span style=\"font-weight: bold;\">Chef de l\u2019Etat :<\/span>\u00a0M. Mamadi DOUMBOUYA <em>(depuis le 5 septembre 2021)<\/em><\/p><p><strong>Premier ministre<\/strong> : Bah Oury (depuis\u00a0le\u00a0<em>27 f\u00e9vrier 2024<\/em>)<\/p><h4>Administration fiscale<\/h4><p>Direction\u00a0Nationale du Tr\u00e9sor et de la Comptabilit\u00e9 publique<\/p><p><span style=\"font-weight: bold;\">Directeur national<\/span>\u00a0<span style=\"font-weight: bold;\">:\u00a0<\/span>M. Mory CAMARA<br \/><strong>Site internet: <\/strong><a href=\"https:\/\/mef.gov.gn\/index.php\/direction-nationale-du-tresor-et-de-la-comptabilite-publique\">https:\/\/mef.gov.gn\/<\/a><\/p><h4>La Guin\u00e9e\u00a0en quelques chiffres<\/h4><p><span style=\"font-weight: bold;\">Capitale :<\/span>\u00a0Conakry<br \/><span style=\"font-weight: bold;\">Superficie :<\/span>\u00a0245 857 km\u00b2<br \/><span style=\"font-weight: bold;\">Nombre d\u2019habitants :<\/span> 14,529 millions (Ined, 2024)<br \/><span style=\"font-weight: bold;\">PIB\/hab (estimation) :<\/span> 1 650 US$ (FMI, 2024)<\/p><p>L\u2019OCDE et le PNUD ont produit des publications sur les perspectives \u00e9conomiques des pays africains en partenariat avec la Banque africaine de d\u00e9veloppement.<\/p><p>Pour en savoir plus sur la situation \u00e9conomique de la Guin\u00e9e,\u00a0<a href=\"https:\/\/www.afdb.org\/fr\/pays-afrique-de-louest\/guinee\">click here<\/a>.<\/p>\t\t\t\t\t\t\t\t<\/div>\n\t\t\t\t<\/div>\n\t\t\t\t<\/div>\n\t\t<div class=\"elementor-element elementor-element-4894577 e-con-full e-flex wpr-particle-no wpr-jarallax-no wpr-parallax-no wpr-sticky-section-no wpr-equal-height-no e-con e-child\" data-id=\"4894577\" data-element_type=\"container\" data-e-type=\"container\">\n\t\t<div class=\"elementor-element elementor-element-45904a4 e-flex e-con-boxed wpr-particle-no wpr-jarallax-no wpr-parallax-no wpr-sticky-section-no wpr-equal-height-no e-con e-child\" data-id=\"45904a4\" data-element_type=\"container\" data-e-type=\"container\">\n\t\t\t\t\t<div class=\"e-con-inner\">\n\t\t\t\t<div class=\"elementor-element elementor-element-d070c4f elementor-widget elementor-widget-image\" data-id=\"d070c4f\" data-element_type=\"widget\" data-e-type=\"widget\" data-widget_type=\"image.default\">\n\t\t\t\t<div class=\"elementor-widget-container\">\n\t\t\t\t\t\t\t\t\t\t\t\t\t\t\t<img fetchpriority=\"high\" decoding=\"async\" width=\"300\" height=\"200\" src=\"https:\/\/credaf.org\/wp-content\/uploads\/2023\/08\/GUINEE-300x200.gif\" class=\"attachment-medium size-medium wp-image-10111\" alt=\"\" \/>\t\t\t\t\t\t\t\t\t\t\t\t\t\t\t<\/div>\n\t\t\t\t<\/div>\n\t\t\t\t\t<\/div>\n\t\t\t\t<\/div>\n\t\t<div class=\"elementor-element elementor-element-74dcb2f e-flex e-con-boxed wpr-particle-no wpr-jarallax-no wpr-parallax-no wpr-sticky-section-no wpr-equal-height-no e-con e-child\" data-id=\"74dcb2f\" data-element_type=\"container\" data-e-type=\"container\">\n\t\t\t\t\t<div class=\"e-con-inner\">\n\t\t\t\t<div class=\"elementor-element elementor-element-386a023 elementor-widget elementor-widget-image\" data-id=\"386a023\" data-element_type=\"widget\" data-e-type=\"widget\" data-widget_type=\"image.default\">\n\t\t\t\t<div class=\"elementor-widget-container\">\n\t\t\t\t\t\t\t\t\t\t\t\t\t\t\t<img decoding=\"async\" width=\"300\" height=\"219\" src=\"https:\/\/credaf.org\/wp-content\/uploads\/2023\/08\/Guinee_DNI-300x219.jpg\" class=\"attachment-medium size-medium wp-image-10112\" alt=\"\" srcset=\"https:\/\/credaf.org\/wp-content\/uploads\/2023\/08\/Guinee_DNI-300x219.jpg 300w, https:\/\/credaf.org\/wp-content\/uploads\/2023\/08\/Guinee_DNI-scaled-600x438.jpg 600w, https:\/\/credaf.org\/wp-content\/uploads\/2023\/08\/Guinee_DNI-1024x747.jpg 1024w, https:\/\/credaf.org\/wp-content\/uploads\/2023\/08\/Guinee_DNI-768x561.jpg 768w, https:\/\/credaf.org\/wp-content\/uploads\/2023\/08\/Guinee_DNI-1536x1121.jpg 1536w, https:\/\/credaf.org\/wp-content\/uploads\/2023\/08\/Guinee_DNI-2048x1495.jpg 2048w\" sizes=\"(max-width: 300px) 100vw, 300px\" \/>\t\t\t\t\t\t\t\t\t\t\t\t\t\t\t<\/div>\n\t\t\t\t<\/div>\n\t\t\t\t\t<\/div>\n\t\t\t\t<\/div>\n\t\t<div class=\"elementor-element elementor-element-49efea7 e-flex e-con-boxed wpr-particle-no wpr-jarallax-no wpr-parallax-no wpr-sticky-section-no wpr-equal-height-no e-con e-child\" data-id=\"49efea7\" data-element_type=\"container\" data-e-type=\"container\">\n\t\t\t\t\t<div class=\"e-con-inner\">\n\t\t\t\t<div class=\"elementor-element elementor-element-257fea4 elementor-widget elementor-widget-image\" data-id=\"257fea4\" data-element_type=\"widget\" data-e-type=\"widget\" data-widget_type=\"image.default\">\n\t\t\t\t<div class=\"elementor-widget-container\">\n\t\t\t\t\t\t\t\t\t\t\t\t\t\t\t<img decoding=\"async\" width=\"720\" height=\"540\" src=\"https:\/\/credaf.org\/wp-content\/uploads\/2023\/08\/GUINEE-1.gif\" class=\"attachment-large size-large wp-image-10113\" alt=\"\" \/>\t\t\t\t\t\t\t\t\t\t\t\t\t\t\t<\/div>\n\t\t\t\t<\/div>\n\t\t\t\t\t<\/div>\n\t\t\t\t<\/div>\n\t\t\t\t<\/div>\n\t\t\t\t\t<\/div>\n\t\t\t\t<\/div>\n\t\t\t\t<\/div>\n\t\t<!-- AddThis Advanced Settings generic via filter on the_content --><!-- AddThis Share Buttons generic via filter on the_content --><!-- AddThis Related Posts generic via filter on the_content -->","protected":false},"excerpt":{"rendered":"<p>La R\u00e9publique de Guin\u00e9e Nature du r\u00e9gime :\u00a0Pr\u00e9sidentielChef de l\u2019Etat :\u00a0M. Mamadi DOUMBOUYA (depuis le 5 septembre 2021) Premier ministre : Bah Oury (depuis\u00a0le\u00a027 f\u00e9vrier 2024) Administration fiscale Direction\u00a0Nationale du Tr\u00e9sor et de la Comptabilit\u00e9 publique Directeur national\u00a0:\u00a0M. Mory CAMARASite internet: https:\/\/mef.gov.gn\/ La Guin\u00e9e\u00a0en quelques chiffres Capitale :\u00a0ConakrySuperficie :\u00a0245 857 km\u00b2Nombre d\u2019habitants : 14,529 millions (Ined, 2024)PIB\/hab (estimation) : 1<\/p>","protected":false},"author":13,"featured_media":0,"parent":0,"menu_order":0,"comment_status":"closed","ping_status":"closed","template":"","meta":{"_acf_changed":false,"footnotes":""},"class_list":["post-1338","page","type-page","status-publish","hentry"],"acf":[],"yoast_head":"<!-- This site is optimized with the Yoast SEO plugin v27.5 - https:\/\/yoast.com\/product\/yoast-seo-wordpress\/ -->\n<title>Guin\u00e9e -<\/title>\n<meta name=\"robots\" content=\"index, follow, max-snippet:-1, max-image-preview:large, max-video-preview:-1\" \/>\n<link rel=\"canonical\" href=\"https:\/\/credaf.org\/en\/guinee\/\" \/>\n<meta property=\"og:locale\" content=\"en_US\" \/>\n<meta property=\"og:type\" content=\"article\" \/>\n<meta property=\"og:title\" content=\"Guin\u00e9e -\" \/>\n<meta property=\"og:description\" content=\"La R\u00e9publique de Guin\u00e9e Nature du r\u00e9gime :\u00a0Pr\u00e9sidentielChef de l\u2019Etat :\u00a0M. Mamadi DOUMBOUYA (depuis le 5 septembre 2021) Premier ministre : Bah Oury (depuis\u00a0le\u00a027 f\u00e9vrier 2024) Administration fiscale Direction\u00a0Nationale du Tr\u00e9sor et de la Comptabilit\u00e9 publique Directeur national\u00a0:\u00a0M. Mory CAMARASite internet: https:\/\/mef.gov.gn\/ La Guin\u00e9e\u00a0en quelques chiffres Capitale :\u00a0ConakrySuperficie :\u00a0245 857 km\u00b2Nombre d\u2019habitants : 14,529 millions (Ined, 2024)PIB\/hab (estimation) : 1\" \/>\n<meta property=\"og:url\" content=\"https:\/\/credaf.org\/en\/guinee\/\" \/>\n<meta property=\"article:modified_time\" content=\"2024-06-24T00:05:10+00:00\" \/>\n<meta property=\"og:image\" content=\"https:\/\/credaf.org\/wp-content\/uploads\/2023\/08\/GUINEE-300x200.gif\" \/>\n<meta name=\"twitter:card\" content=\"summary_large_image\" \/>\n<meta name=\"twitter:label1\" content=\"Est. reading time\" \/>\n\t<meta name=\"twitter:data1\" content=\"2 minutes\" \/>\n<script type=\"application\/ld+json\" class=\"yoast-schema-graph\">{\"@context\":\"https:\\\/\\\/schema.org\",\"@graph\":[{\"@type\":\"WebPage\",\"@id\":\"https:\\\/\\\/credaf.org\\\/guinee\\\/\",\"url\":\"https:\\\/\\\/credaf.org\\\/guinee\\\/\",\"name\":\"Guin\u00e9e -\",\"isPartOf\":{\"@id\":\"https:\\\/\\\/credaf.org\\\/#website\"},\"primaryImageOfPage\":{\"@id\":\"https:\\\/\\\/credaf.org\\\/guinee\\\/#primaryimage\"},\"image\":{\"@id\":\"https:\\\/\\\/credaf.org\\\/guinee\\\/#primaryimage\"},\"thumbnailUrl\":\"https:\\\/\\\/credaf.org\\\/wp-content\\\/uploads\\\/2023\\\/08\\\/GUINEE-300x200.gif\",\"datePublished\":\"2016-11-04T13:51:01+00:00\",\"dateModified\":\"2024-06-24T00:05:10+00:00\",\"breadcrumb\":{\"@id\":\"https:\\\/\\\/credaf.org\\\/guinee\\\/#breadcrumb\"},\"inLanguage\":\"en-US\",\"potentialAction\":[{\"@type\":\"ReadAction\",\"target\":[\"https:\\\/\\\/credaf.org\\\/guinee\\\/\"]}]},{\"@type\":\"ImageObject\",\"inLanguage\":\"en-US\",\"@id\":\"https:\\\/\\\/credaf.org\\\/guinee\\\/#primaryimage\",\"url\":\"https:\\\/\\\/credaf.org\\\/wp-content\\\/uploads\\\/2023\\\/08\\\/GUINEE-300x200.gif\",\"contentUrl\":\"https:\\\/\\\/credaf.org\\\/wp-content\\\/uploads\\\/2023\\\/08\\\/GUINEE-300x200.gif\"},{\"@type\":\"BreadcrumbList\",\"@id\":\"https:\\\/\\\/credaf.org\\\/guinee\\\/#breadcrumb\",\"itemListElement\":[{\"@type\":\"ListItem\",\"position\":1,\"name\":\"Accueil\",\"item\":\"https:\\\/\\\/credaf.org\\\/\"},{\"@type\":\"ListItem\",\"position\":2,\"name\":\"Guin\u00e9e\"}]},{\"@type\":\"WebSite\",\"@id\":\"https:\\\/\\\/credaf.org\\\/#website\",\"url\":\"https:\\\/\\\/credaf.org\\\/\",\"name\":\"\",\"description\":\"\",\"potentialAction\":[{\"@type\":\"SearchAction\",\"target\":{\"@type\":\"EntryPoint\",\"urlTemplate\":\"https:\\\/\\\/credaf.org\\\/?s={search_term_string}\"},\"query-input\":{\"@type\":\"PropertyValueSpecification\",\"valueRequired\":true,\"valueName\":\"search_term_string\"}}],\"inLanguage\":\"en-US\"}]}<\/script>\n<!-- \/ Yoast SEO plugin. -->","yoast_head_json":{"title":"Guin\u00e9e -","robots":{"index":"index","follow":"follow","max-snippet":"max-snippet:-1","max-image-preview":"max-image-preview:large","max-video-preview":"max-video-preview:-1"},"canonical":"https:\/\/credaf.org\/en\/guinee\/","og_locale":"en_US","og_type":"article","og_title":"Guin\u00e9e -","og_description":"La R\u00e9publique de Guin\u00e9e Nature du r\u00e9gime :\u00a0Pr\u00e9sidentielChef de l\u2019Etat :\u00a0M. Mamadi DOUMBOUYA (depuis le 5 septembre 2021) Premier ministre : Bah Oury (depuis\u00a0le\u00a027 f\u00e9vrier 2024) Administration fiscale Direction\u00a0Nationale du Tr\u00e9sor et de la Comptabilit\u00e9 publique Directeur national\u00a0:\u00a0M. Mory CAMARASite internet: https:\/\/mef.gov.gn\/ La Guin\u00e9e\u00a0en quelques chiffres Capitale :\u00a0ConakrySuperficie :\u00a0245 857 km\u00b2Nombre d\u2019habitants : 14,529 millions (Ined, 2024)PIB\/hab (estimation) : 1","og_url":"https:\/\/credaf.org\/en\/guinee\/","article_modified_time":"2024-06-24T00:05:10+00:00","og_image":[{"url":"https:\/\/credaf.org\/wp-content\/uploads\/2023\/08\/GUINEE-300x200.gif","type":"","width":"","height":""}],"twitter_card":"summary_large_image","twitter_misc":{"Est. reading time":"2 minutes"},"schema":{"@context":"https:\/\/schema.org","@graph":[{"@type":"WebPage","@id":"https:\/\/credaf.org\/guinee\/","url":"https:\/\/credaf.org\/guinee\/","name":"Guin\u00e9e -","isPartOf":{"@id":"https:\/\/credaf.org\/#website"},"primaryImageOfPage":{"@id":"https:\/\/credaf.org\/guinee\/#primaryimage"},"image":{"@id":"https:\/\/credaf.org\/guinee\/#primaryimage"},"thumbnailUrl":"https:\/\/credaf.org\/wp-content\/uploads\/2023\/08\/GUINEE-300x200.gif","datePublished":"2016-11-04T13:51:01+00:00","dateModified":"2024-06-24T00:05:10+00:00","breadcrumb":{"@id":"https:\/\/credaf.org\/guinee\/#breadcrumb"},"inLanguage":"en-US","potentialAction":[{"@type":"ReadAction","target":["https:\/\/credaf.org\/guinee\/"]}]},{"@type":"ImageObject","inLanguage":"en-US","@id":"https:\/\/credaf.org\/guinee\/#primaryimage","url":"https:\/\/credaf.org\/wp-content\/uploads\/2023\/08\/GUINEE-300x200.gif","contentUrl":"https:\/\/credaf.org\/wp-content\/uploads\/2023\/08\/GUINEE-300x200.gif"},{"@type":"BreadcrumbList","@id":"https:\/\/credaf.org\/guinee\/#breadcrumb","itemListElement":[{"@type":"ListItem","position":1,"name":"Accueil","item":"https:\/\/credaf.org\/"},{"@type":"ListItem","position":2,"name":"Guin\u00e9e"}]},{"@type":"WebSite","@id":"https:\/\/credaf.org\/#website","url":"https:\/\/credaf.org\/","name":"","description":"","potentialAction":[{"@type":"SearchAction","target":{"@type":"EntryPoint","urlTemplate":"https:\/\/credaf.org\/?s={search_term_string}"},"query-input":{"@type":"PropertyValueSpecification","valueRequired":true,"valueName":"search_term_string"}}],"inLanguage":"en-US"}]}},"rttpg_featured_image_url":null,"rttpg_author":{"display_name":"sgcredaf","author_link":"https:\/\/credaf.org\/en\/author\/sgcredaf\/"},"rttpg_comment":0,"rttpg_category":null,"rttpg_excerpt":"La R\u00e9publique de Guin\u00e9e Nature du r\u00e9gime :\u00a0Pr\u00e9sidentielChef de l\u2019Etat :\u00a0M. Mamadi DOUMBOUYA (depuis le 5 septembre 2021) Premier ministre : Bah Oury (depuis\u00a0le\u00a027 f\u00e9vrier 2024) Administration fiscale Direction\u00a0Nationale du Tr\u00e9sor et de la Comptabilit\u00e9 publique Directeur national\u00a0:\u00a0M. Mory CAMARASite internet: https:\/\/mef.gov.gn\/ La Guin\u00e9e\u00a0en quelques chiffres Capitale :\u00a0ConakrySuperficie :\u00a0245 857 km\u00b2Nombre d\u2019habitants : 14,529 millions&hellip;","_links":{"self":[{"href":"https:\/\/credaf.org\/en\/wp-json\/wp\/v2\/pages\/1338","targetHints":{"allow":["GET"]}}],"collection":[{"href":"https:\/\/credaf.org\/en\/wp-json\/wp\/v2\/pages"}],"about":[{"href":"https:\/\/credaf.org\/en\/wp-json\/wp\/v2\/types\/page"}],"author":[{"embeddable":true,"href":"https:\/\/credaf.org\/en\/wp-json\/wp\/v2\/users\/13"}],"replies":[{"embeddable":true,"href":"https:\/\/credaf.org\/en\/wp-json\/wp\/v2\/comments?post=1338"}],"version-history":[{"count":0,"href":"https:\/\/credaf.org\/en\/wp-json\/wp\/v2\/pages\/1338\/revisions"}],"wp:attachment":[{"href":"https:\/\/credaf.org\/en\/wp-json\/wp\/v2\/media?parent=1338"}],"curies":[{"name":"wp","href":"https:\/\/api.w.org\/{rel}","templated":true}]}}