{"id":371,"date":"2016-08-29T02:04:56","date_gmt":"2016-08-29T00:04:56","guid":{"rendered":"http:\/\/credaf.org\/?page_id=371"},"modified":"2024-06-20T12:07:50","modified_gmt":"2024-06-20T10:07:50","slug":"burkina-faso","status":"publish","type":"page","link":"https:\/\/credaf.org\/en\/burkina-faso\/","title":{"rendered":"Burkina Faso"},"content":{"rendered":"<div data-elementor-type=\"wp-page\" data-elementor-id=\"371\" class=\"elementor elementor-371\">\n\t\t\t\t<div class=\"elementor-element elementor-element-06710f3 e-flex e-con-boxed wpr-particle-no wpr-jarallax-no wpr-parallax-no wpr-sticky-section-no wpr-equal-height-no e-con e-parent\" data-id=\"06710f3\" data-element_type=\"container\" data-e-type=\"container\">\n\t\t\t\t\t<div class=\"e-con-inner\">\n\t\t\t\t<div class=\"elementor-element elementor-element-428af09 elementor-widget elementor-widget-heading\" data-id=\"428af09\" data-element_type=\"widget\" data-e-type=\"widget\" data-widget_type=\"heading.default\">\n\t\t\t\t<div class=\"elementor-widget-container\">\n\t\t\t\t\t<h2 class=\"elementor-heading-title elementor-size-default\">Le Burkina Faso<\/h2>\t\t\t\t<\/div>\n\t\t\t\t<\/div>\n\t\t\t\t\t<\/div>\n\t\t\t\t<\/div>\n\t\t<div class=\"elementor-element elementor-element-c931510 e-flex e-con-boxed wpr-particle-no wpr-jarallax-no wpr-parallax-no wpr-sticky-section-no wpr-equal-height-no e-con e-parent\" data-id=\"c931510\" data-element_type=\"container\" data-e-type=\"container\">\n\t\t\t\t\t<div class=\"e-con-inner\">\n\t\t<div class=\"elementor-element elementor-element-a9aeee4 e-con-full e-flex wpr-particle-no wpr-jarallax-no wpr-parallax-no wpr-sticky-section-no wpr-equal-height-no e-con e-child\" data-id=\"a9aeee4\" data-element_type=\"container\" data-e-type=\"container\">\n\t\t\t\t<div class=\"elementor-element elementor-element-55e67a4 elementor-widget elementor-widget-text-editor\" data-id=\"55e67a4\" data-element_type=\"widget\" data-e-type=\"widget\" data-widget_type=\"text-editor.default\">\n\t\t\t\t<div class=\"elementor-widget-container\">\n\t\t\t\t\t\t\t\t\t<p style=\"text-align: left;\"><span style=\"font-weight: bold; color: var( --e-global-color-text ); font-family: var( --e-global-typography-text-font-family ), Sans-serif;\">Nature du r\u00e9gime :<\/span><span style=\"color: var( --e-global-color-text ); font-family: var( --e-global-typography-text-font-family ), Sans-serif; font-weight: var( --e-global-typography-text-font-weight );\">\u00a0R\u00e9publique<br \/><\/span><span style=\"font-weight: bold;\">Chef de l\u2019\u00c9tat\u00a0:<\/span> M. Ibrahim TRAOR\u00c9 (depuis le <em>30 septembre 2022<\/em>)<br \/><span style=\"font-weight: bold;\">Premier ministre\u00a0:<\/span> M. Apollinaire Ky\u00e9lem (depuis le <em>21 octobre<\/em> 2022)<\/p><h4 style=\"text-align: left;\">Administration fiscale<\/h4><p style=\"text-align: left;\">Direction g\u00e9n\u00e9rale des imp\u00f4ts<\/p><p style=\"text-align: left;\"><span style=\"font-weight: bold;\">Directeur g\u00e9n\u00e9ral<\/span>\u00a0: <span class=\"JsGRdQ\">Mme. Talato Eliane DJUGUEMDE OUEDRAOGO<br \/><\/span><span style=\"font-weight: bold;\">Site Internet: <\/span><a href=\"https:\/\/www.finances.gov.bf\/forum\/detail-actualites?tx_news_pi1%5Baction%5D=detail&tx_news_pi1%5Bcontroller%5D=News&tx_news_pi1%5Bnews%5D=6&cHash=b929eb541d8c7f6e265d2d2c181463e2\">https:\/\/www.finances.gov.bf\/<\/a><\/p><h4 style=\"text-align: left;\">Le Burkina Faso en quelques chiffres<\/h4><p style=\"text-align: left;\"><span style=\"font-weight: bold;\">Capitale :<\/span>\u00a0Ouagadougou<br \/><span style=\"font-weight: bold;\">Superficie :<\/span>\u00a0274 400 km\u00b2<br \/><span style=\"font-weight: bold;\">Nombre d\u2019habitants :<\/span> 23,840 millions (Ined, 2024)<br \/><span style=\"font-weight: bold;\">PIB\/hab :<\/span> 910 US$ (FMI, 2024)<\/p><p style=\"text-align: left;\">L\u2019OCDE et le PNUD ont produit des publications sur les perspectives \u00e9conomiques des pays africains en partenariat avec la Banque africaine de d\u00e9veloppement.<\/p><p style=\"text-align: left;\">Pour en savoir plus sur la situation \u00e9conomique du Burkina Faso,\u00a0<a href=\"https:\/\/www.afdb.org\/fr\/countries\/west-africa\/burkina-faso\">click here<\/a>.<\/p>\t\t\t\t\t\t\t\t<\/div>\n\t\t\t\t<\/div>\n\t\t\t\t<\/div>\n\t\t<div class=\"elementor-element elementor-element-50bb2a6 e-con-full e-flex wpr-particle-no wpr-jarallax-no wpr-parallax-no wpr-sticky-section-no wpr-equal-height-no e-con e-child\" data-id=\"50bb2a6\" data-element_type=\"container\" data-e-type=\"container\">\n\t\t<div class=\"elementor-element elementor-element-ec25dc2 e-flex e-con-boxed wpr-particle-no wpr-jarallax-no wpr-parallax-no wpr-sticky-section-no wpr-equal-height-no e-con e-child\" data-id=\"ec25dc2\" data-element_type=\"container\" data-e-type=\"container\">\n\t\t\t\t\t<div class=\"e-con-inner\">\n\t\t\t\t<div class=\"elementor-element elementor-element-d881e00 elementor-widget elementor-widget-image\" data-id=\"d881e00\" data-element_type=\"widget\" data-e-type=\"widget\" data-widget_type=\"image.default\">\n\t\t\t\t<div class=\"elementor-widget-container\">\n\t\t\t\t\t\t\t\t\t\t\t\t\t\t\t<img decoding=\"async\" width=\"125\" height=\"83\" src=\"https:\/\/credaf.org\/wp-content\/uploads\/2023\/08\/Burkina-Faso.png\" class=\"attachment-large size-large wp-image-10210\" alt=\"\" \/>\t\t\t\t\t\t\t\t\t\t\t\t\t\t\t<\/div>\n\t\t\t\t<\/div>\n\t\t\t\t\t<\/div>\n\t\t\t\t<\/div>\n\t\t<div class=\"elementor-element elementor-element-41285df e-flex e-con-boxed wpr-particle-no wpr-jarallax-no wpr-parallax-no wpr-sticky-section-no wpr-equal-height-no e-con e-child\" data-id=\"41285df\" data-element_type=\"container\" data-e-type=\"container\">\n\t\t\t\t\t<div class=\"e-con-inner\">\n\t\t\t\t<div class=\"elementor-element elementor-element-085d883 elementor-widget elementor-widget-image\" data-id=\"085d883\" data-element_type=\"widget\" data-e-type=\"widget\" data-widget_type=\"image.default\">\n\t\t\t\t<div class=\"elementor-widget-container\">\n\t\t\t\t\t\t\t\t\t\t\t\t\t\t\t<img fetchpriority=\"high\" decoding=\"async\" width=\"296\" height=\"300\" src=\"https:\/\/credaf.org\/wp-content\/uploads\/2023\/08\/Burkina_Faso_DGI-296x300.jpg\" class=\"attachment-medium size-medium wp-image-10211\" alt=\"\" srcset=\"https:\/\/credaf.org\/wp-content\/uploads\/2023\/08\/Burkina_Faso_DGI-296x300.jpg 296w, https:\/\/credaf.org\/wp-content\/uploads\/2023\/08\/Burkina_Faso_DGI-100x100.jpg 100w, https:\/\/credaf.org\/wp-content\/uploads\/2023\/08\/Burkina_Faso_DGI-600x609.jpg 600w, https:\/\/credaf.org\/wp-content\/uploads\/2023\/08\/Burkina_Faso_DGI.jpg 679w\" sizes=\"(max-width: 296px) 100vw, 296px\" \/>\t\t\t\t\t\t\t\t\t\t\t\t\t\t\t<\/div>\n\t\t\t\t<\/div>\n\t\t\t\t\t<\/div>\n\t\t\t\t<\/div>\n\t\t<div class=\"elementor-element elementor-element-c533828 e-flex e-con-boxed wpr-particle-no wpr-jarallax-no wpr-parallax-no wpr-sticky-section-no wpr-equal-height-no e-con e-child\" data-id=\"c533828\" data-element_type=\"container\" data-e-type=\"container\">\n\t\t\t\t\t<div class=\"e-con-inner\">\n\t\t\t\t<div class=\"elementor-element elementor-element-6a3c859 elementor-widget elementor-widget-image\" data-id=\"6a3c859\" data-element_type=\"widget\" data-e-type=\"widget\" data-widget_type=\"image.default\">\n\t\t\t\t<div class=\"elementor-widget-container\">\n\t\t\t\t\t\t\t\t\t\t\t\t\t\t\t<img decoding=\"async\" width=\"614\" height=\"475\" src=\"https:\/\/credaf.org\/wp-content\/uploads\/2023\/08\/Burkina-Faso-1.png\" class=\"attachment-large size-large wp-image-10209\" alt=\"\" srcset=\"https:\/\/credaf.org\/wp-content\/uploads\/2023\/08\/Burkina-Faso-1.png 614w, https:\/\/credaf.org\/wp-content\/uploads\/2023\/08\/Burkina-Faso-1-600x464.png 600w, https:\/\/credaf.org\/wp-content\/uploads\/2023\/08\/Burkina-Faso-1-300x232.png 300w\" sizes=\"(max-width: 614px) 100vw, 614px\" \/>\t\t\t\t\t\t\t\t\t\t\t\t\t\t\t<\/div>\n\t\t\t\t<\/div>\n\t\t\t\t\t<\/div>\n\t\t\t\t<\/div>\n\t\t\t\t<\/div>\n\t\t\t\t\t<\/div>\n\t\t\t\t<\/div>\n\t\t\t\t<\/div>\n\t\t<!-- AddThis Advanced Settings generic via filter on the_content --><!-- AddThis Share Buttons generic via filter on the_content --><!-- AddThis Related Posts generic via filter on the_content -->","protected":false},"excerpt":{"rendered":"<p>Le Burkina Faso Nature du r\u00e9gime :\u00a0R\u00e9publiqueChef de l\u2019\u00c9tat\u00a0: M. Ibrahim TRAOR\u00c9 (depuis le 30 septembre 2022)Premier ministre\u00a0: M. Apollinaire Ky\u00e9lem (depuis le 21 octobre 2022) Administration fiscale Direction g\u00e9n\u00e9rale des imp\u00f4ts Directeur g\u00e9n\u00e9ral\u00a0: Mme. Talato Eliane DJUGUEMDE OUEDRAOGOSite Internet: https:\/\/www.finances.gov.bf\/ Le Burkina Faso en quelques chiffres Capitale :\u00a0OuagadougouSuperficie :\u00a0274 400 km\u00b2Nombre d\u2019habitants : 23,840 millions (Ined, 2024)PIB\/hab : 910<\/p>","protected":false},"author":13,"featured_media":0,"parent":0,"menu_order":0,"comment_status":"closed","ping_status":"closed","template":"","meta":{"_acf_changed":false,"footnotes":""},"class_list":["post-371","page","type-page","status-publish","hentry"],"acf":[],"yoast_head":"<!-- This site is optimized with the Yoast SEO plugin v27.5 - https:\/\/yoast.com\/product\/yoast-seo-wordpress\/ -->\n<title>Burkina Faso -<\/title>\n<meta name=\"robots\" content=\"index, follow, max-snippet:-1, max-image-preview:large, max-video-preview:-1\" \/>\n<link rel=\"canonical\" href=\"https:\/\/credaf.org\/en\/burkina-faso\/\" \/>\n<meta property=\"og:locale\" content=\"en_US\" \/>\n<meta property=\"og:type\" content=\"article\" \/>\n<meta property=\"og:title\" content=\"Burkina Faso -\" \/>\n<meta property=\"og:description\" content=\"Le Burkina Faso Nature du r\u00e9gime :\u00a0R\u00e9publiqueChef de l\u2019\u00c9tat\u00a0: M. Ibrahim TRAOR\u00c9 (depuis le 30 septembre 2022)Premier ministre\u00a0: M. Apollinaire Ky\u00e9lem (depuis le 21 octobre 2022) Administration fiscale Direction g\u00e9n\u00e9rale des imp\u00f4ts Directeur g\u00e9n\u00e9ral\u00a0: Mme. Talato Eliane DJUGUEMDE OUEDRAOGOSite Internet: https:\/\/www.finances.gov.bf\/ Le Burkina Faso en quelques chiffres Capitale :\u00a0OuagadougouSuperficie :\u00a0274 400 km\u00b2Nombre d\u2019habitants : 23,840 millions (Ined, 2024)PIB\/hab : 910\" \/>\n<meta property=\"og:url\" content=\"https:\/\/credaf.org\/en\/burkina-faso\/\" \/>\n<meta property=\"article:modified_time\" content=\"2024-06-20T10:07:50+00:00\" \/>\n<meta property=\"og:image\" content=\"https:\/\/credaf.org\/wp-content\/uploads\/2023\/08\/Burkina-Faso.png\" \/>\n<meta name=\"twitter:card\" content=\"summary_large_image\" \/>\n<meta name=\"twitter:label1\" content=\"Est. reading time\" \/>\n\t<meta name=\"twitter:data1\" content=\"2 minutes\" \/>\n<script type=\"application\/ld+json\" class=\"yoast-schema-graph\">{\"@context\":\"https:\\\/\\\/schema.org\",\"@graph\":[{\"@type\":\"WebPage\",\"@id\":\"https:\\\/\\\/credaf.org\\\/burkina-faso\\\/\",\"url\":\"https:\\\/\\\/credaf.org\\\/burkina-faso\\\/\",\"name\":\"Burkina Faso -\",\"isPartOf\":{\"@id\":\"https:\\\/\\\/credaf.org\\\/#website\"},\"primaryImageOfPage\":{\"@id\":\"https:\\\/\\\/credaf.org\\\/burkina-faso\\\/#primaryimage\"},\"image\":{\"@id\":\"https:\\\/\\\/credaf.org\\\/burkina-faso\\\/#primaryimage\"},\"thumbnailUrl\":\"https:\\\/\\\/credaf.org\\\/wp-content\\\/uploads\\\/2023\\\/08\\\/Burkina-Faso.png\",\"datePublished\":\"2016-08-29T00:04:56+00:00\",\"dateModified\":\"2024-06-20T10:07:50+00:00\",\"breadcrumb\":{\"@id\":\"https:\\\/\\\/credaf.org\\\/burkina-faso\\\/#breadcrumb\"},\"inLanguage\":\"en-US\",\"potentialAction\":[{\"@type\":\"ReadAction\",\"target\":[\"https:\\\/\\\/credaf.org\\\/burkina-faso\\\/\"]}]},{\"@type\":\"ImageObject\",\"inLanguage\":\"en-US\",\"@id\":\"https:\\\/\\\/credaf.org\\\/burkina-faso\\\/#primaryimage\",\"url\":\"https:\\\/\\\/credaf.org\\\/wp-content\\\/uploads\\\/2023\\\/08\\\/Burkina-Faso.png\",\"contentUrl\":\"https:\\\/\\\/credaf.org\\\/wp-content\\\/uploads\\\/2023\\\/08\\\/Burkina-Faso.png\"},{\"@type\":\"BreadcrumbList\",\"@id\":\"https:\\\/\\\/credaf.org\\\/burkina-faso\\\/#breadcrumb\",\"itemListElement\":[{\"@type\":\"ListItem\",\"position\":1,\"name\":\"Accueil\",\"item\":\"https:\\\/\\\/credaf.org\\\/\"},{\"@type\":\"ListItem\",\"position\":2,\"name\":\"Burkina Faso\"}]},{\"@type\":\"WebSite\",\"@id\":\"https:\\\/\\\/credaf.org\\\/#website\",\"url\":\"https:\\\/\\\/credaf.org\\\/\",\"name\":\"\",\"description\":\"\",\"potentialAction\":[{\"@type\":\"SearchAction\",\"target\":{\"@type\":\"EntryPoint\",\"urlTemplate\":\"https:\\\/\\\/credaf.org\\\/?s={search_term_string}\"},\"query-input\":{\"@type\":\"PropertyValueSpecification\",\"valueRequired\":true,\"valueName\":\"search_term_string\"}}],\"inLanguage\":\"en-US\"}]}<\/script>\n<!-- \/ Yoast SEO plugin. -->","yoast_head_json":{"title":"Burkina Faso -","robots":{"index":"index","follow":"follow","max-snippet":"max-snippet:-1","max-image-preview":"max-image-preview:large","max-video-preview":"max-video-preview:-1"},"canonical":"https:\/\/credaf.org\/en\/burkina-faso\/","og_locale":"en_US","og_type":"article","og_title":"Burkina Faso -","og_description":"Le Burkina Faso Nature du r\u00e9gime :\u00a0R\u00e9publiqueChef de l\u2019\u00c9tat\u00a0: M. Ibrahim TRAOR\u00c9 (depuis le 30 septembre 2022)Premier ministre\u00a0: M. Apollinaire Ky\u00e9lem (depuis le 21 octobre 2022) Administration fiscale Direction g\u00e9n\u00e9rale des imp\u00f4ts Directeur g\u00e9n\u00e9ral\u00a0: Mme. Talato Eliane DJUGUEMDE OUEDRAOGOSite Internet: https:\/\/www.finances.gov.bf\/ Le Burkina Faso en quelques chiffres Capitale :\u00a0OuagadougouSuperficie :\u00a0274 400 km\u00b2Nombre d\u2019habitants : 23,840 millions (Ined, 2024)PIB\/hab : 910","og_url":"https:\/\/credaf.org\/en\/burkina-faso\/","article_modified_time":"2024-06-20T10:07:50+00:00","og_image":[{"url":"https:\/\/credaf.org\/wp-content\/uploads\/2023\/08\/Burkina-Faso.png","type":"","width":"","height":""}],"twitter_card":"summary_large_image","twitter_misc":{"Est. reading time":"2 minutes"},"schema":{"@context":"https:\/\/schema.org","@graph":[{"@type":"WebPage","@id":"https:\/\/credaf.org\/burkina-faso\/","url":"https:\/\/credaf.org\/burkina-faso\/","name":"Burkina Faso -","isPartOf":{"@id":"https:\/\/credaf.org\/#website"},"primaryImageOfPage":{"@id":"https:\/\/credaf.org\/burkina-faso\/#primaryimage"},"image":{"@id":"https:\/\/credaf.org\/burkina-faso\/#primaryimage"},"thumbnailUrl":"https:\/\/credaf.org\/wp-content\/uploads\/2023\/08\/Burkina-Faso.png","datePublished":"2016-08-29T00:04:56+00:00","dateModified":"2024-06-20T10:07:50+00:00","breadcrumb":{"@id":"https:\/\/credaf.org\/burkina-faso\/#breadcrumb"},"inLanguage":"en-US","potentialAction":[{"@type":"ReadAction","target":["https:\/\/credaf.org\/burkina-faso\/"]}]},{"@type":"ImageObject","inLanguage":"en-US","@id":"https:\/\/credaf.org\/burkina-faso\/#primaryimage","url":"https:\/\/credaf.org\/wp-content\/uploads\/2023\/08\/Burkina-Faso.png","contentUrl":"https:\/\/credaf.org\/wp-content\/uploads\/2023\/08\/Burkina-Faso.png"},{"@type":"BreadcrumbList","@id":"https:\/\/credaf.org\/burkina-faso\/#breadcrumb","itemListElement":[{"@type":"ListItem","position":1,"name":"Accueil","item":"https:\/\/credaf.org\/"},{"@type":"ListItem","position":2,"name":"Burkina Faso"}]},{"@type":"WebSite","@id":"https:\/\/credaf.org\/#website","url":"https:\/\/credaf.org\/","name":"","description":"","potentialAction":[{"@type":"SearchAction","target":{"@type":"EntryPoint","urlTemplate":"https:\/\/credaf.org\/?s={search_term_string}"},"query-input":{"@type":"PropertyValueSpecification","valueRequired":true,"valueName":"search_term_string"}}],"inLanguage":"en-US"}]}},"rttpg_featured_image_url":null,"rttpg_author":{"display_name":"sgcredaf","author_link":"https:\/\/credaf.org\/en\/author\/sgcredaf\/"},"rttpg_comment":0,"rttpg_category":null,"rttpg_excerpt":"Le Burkina Faso Nature du r\u00e9gime :\u00a0R\u00e9publiqueChef de l\u2019\u00c9tat\u00a0: M. Ibrahim TRAOR\u00c9 (depuis le 30 septembre 2022)Premier ministre\u00a0: M. Apollinaire Ky\u00e9lem (depuis le 21 octobre 2022) Administration fiscale Direction g\u00e9n\u00e9rale des imp\u00f4ts Directeur g\u00e9n\u00e9ral\u00a0: Mme. Talato Eliane DJUGUEMDE OUEDRAOGOSite Internet: https:\/\/www.finances.gov.bf\/ Le Burkina Faso en quelques chiffres Capitale :\u00a0OuagadougouSuperficie :\u00a0274 400 km\u00b2Nombre d\u2019habitants : 23,840&hellip;","_links":{"self":[{"href":"https:\/\/credaf.org\/en\/wp-json\/wp\/v2\/pages\/371","targetHints":{"allow":["GET"]}}],"collection":[{"href":"https:\/\/credaf.org\/en\/wp-json\/wp\/v2\/pages"}],"about":[{"href":"https:\/\/credaf.org\/en\/wp-json\/wp\/v2\/types\/page"}],"author":[{"embeddable":true,"href":"https:\/\/credaf.org\/en\/wp-json\/wp\/v2\/users\/13"}],"replies":[{"embeddable":true,"href":"https:\/\/credaf.org\/en\/wp-json\/wp\/v2\/comments?post=371"}],"version-history":[{"count":0,"href":"https:\/\/credaf.org\/en\/wp-json\/wp\/v2\/pages\/371\/revisions"}],"wp:attachment":[{"href":"https:\/\/credaf.org\/en\/wp-json\/wp\/v2\/media?parent=371"}],"curies":[{"name":"wp","href":"https:\/\/api.w.org\/{rel}","templated":true}]}}