{"id":378,"date":"2016-08-29T02:05:13","date_gmt":"2016-08-29T00:05:13","guid":{"rendered":"http:\/\/credaf.org\/?page_id=378"},"modified":"2025-08-27T15:44:48","modified_gmt":"2025-08-27T13:44:48","slug":"canada","status":"publish","type":"page","link":"https:\/\/credaf.org\/en\/canada\/","title":{"rendered":"Canada"},"content":{"rendered":"<div data-elementor-type=\"wp-page\" data-elementor-id=\"378\" class=\"elementor elementor-378\">\n\t\t\t\t<div class=\"elementor-element elementor-element-aa660f8 e-flex e-con-boxed wpr-particle-no wpr-jarallax-no wpr-parallax-no wpr-sticky-section-no wpr-equal-height-no e-con e-parent\" data-id=\"aa660f8\" data-element_type=\"container\" data-e-type=\"container\">\n\t\t\t\t\t<div class=\"e-con-inner\">\n\t\t\t\t<div class=\"elementor-element elementor-element-697bfc8 elementor-widget elementor-widget-heading\" data-id=\"697bfc8\" data-element_type=\"widget\" data-e-type=\"widget\" data-widget_type=\"heading.default\">\n\t\t\t\t<div class=\"elementor-widget-container\">\n\t\t\t\t\t<h2 class=\"elementor-heading-title elementor-size-default\">Le Canada<\/h2>\t\t\t\t<\/div>\n\t\t\t\t<\/div>\n\t\t\t\t\t<\/div>\n\t\t\t\t<\/div>\n\t\t<div class=\"elementor-element elementor-element-9b53aae e-flex e-con-boxed wpr-particle-no wpr-jarallax-no wpr-parallax-no wpr-sticky-section-no wpr-equal-height-no e-con e-parent\" data-id=\"9b53aae\" data-element_type=\"container\" data-e-type=\"container\">\n\t\t\t\t\t<div class=\"e-con-inner\">\n\t\t<div class=\"elementor-element elementor-element-895ecaf e-con-full e-flex wpr-particle-no wpr-jarallax-no wpr-parallax-no wpr-sticky-section-no wpr-equal-height-no e-con e-child\" data-id=\"895ecaf\" data-element_type=\"container\" data-e-type=\"container\">\n\t\t\t\t<div class=\"elementor-element elementor-element-24b5189 elementor-widget elementor-widget-text-editor\" data-id=\"24b5189\" data-element_type=\"widget\" data-e-type=\"widget\" data-widget_type=\"text-editor.default\">\n\t\t\t\t<div class=\"elementor-widget-container\">\n\t\t\t\t\t\t\t\t\t<p style=\"text-align: left\"><span style=\"font-weight: bold;text-align: justify;color: var( --e-global-color-text );font-family: var( --e-global-typography-text-font-family ), Sans-serif\">Nature du r\u00e9gime\u00a0:<\/span><span style=\"text-align: justify;color: var( --e-global-color-text );font-family: var( --e-global-typography-text-font-family ), Sans-serif;font-weight: var( --e-global-typography-text-font-weight )\">\u00a0monarchie constitutionnelle \u00e0 r\u00e9gime parlementaire bicam\u00e9ral, f\u00e9d\u00e9ration de 10 provinces et trois territoires<br><\/span><span style=\"font-weight: bold\">Chef de l\u2019\u00c9tat :<\/span> le roi du Canada Charles III est repr\u00e9sent\u00e9 par une Gouverneure g\u00e9n\u00e9rale, Mme Mary Simon<br><span style=\"font-weight: bold\">Premier ministre\u00a0:<\/span> M. Mark Carney, Parti Lib\u00e9ral du Canada, <em>(depuis le 14 mars 2025)<\/em><\/p>\n<h4 style=\"text-align: left\">Administration fiscale<\/h4>\n<p style=\"text-align: left\">Agence du Revenu du Canada<\/p>\n<p style=\"text-align: left\"><span style=\"font-weight: bold\">Sous-Commissaire (R\u00e9gion du Qu\u00e9bec)<\/span> : Mme Maryse Lavigne<br><span style=\"font-weight: bold\">Vice-pr\u00e9sident et directeur g\u00e9n\u00e9ral de l\u2019innovation et de l\u2019administration (Revenu Qu\u00e9bec)<\/span> : Madame Vicky Lizotte<br><span style=\"font-weight: bold\">Site Internet: <\/span><a href=\"https:\/\/www.canada.ca\/fr\/agence-revenu.html\">https:\/\/www.canada.ca\/fr\/agence-revenu.html<\/a><\/p>\n<h4 style=\"text-align: left\"><span style=\"color: #030303;font-family: Roboto;font-size: 24px;font-weight: 600\">Le Canada en quelques chiffres<\/span><\/h4>\n<p style=\"text-align: left\"><span style=\"font-weight: bold\">Capitale :<\/span>\u00a0Ottawa<br><span style=\"font-weight: bold\">Superficie :<\/span>\u00a09 984 670 km\u00b2<br><span style=\"font-weight: bold\">Nombre d\u2019habitants<\/span> : 39,107 millions (Ined, 2024)<br><span style=\"font-weight: bold\">PIB\/hab :<\/span> 57\u00a0 870 US$ (FMI, 2024)<\/p>\n<h4 style=\"text-align: left\"><span style=\"color: #030303;font-family: Roboto;font-size: 24px;font-weight: 600\">Contr\u00f4le fiscal \u2013 Le projet Resto de Revenu Qu\u00e9bec<\/span><\/h4>\n<p style=\"text-align: left\">Le projet Resto\u00a0<span style=\"font-weight: bold\">oblige les restaurateurs \u00e0 d\u00e9clarer leurs v\u00e9ritables chiffres d\u2019affaires<\/span>\u00a0et \u00e0 remettre \u00e0 l\u2019\u00c9tat la totalit\u00e9 des taxes pay\u00e9es par leurs clients.<\/p>\n<p style=\"text-align: left\">En 2011-2012,\u00a0<span style=\"font-weight: bold\">le projet a rapport\u00e9 plus de 160 millions de dollars\u00a0<\/span>en revenus additionnels.<\/p>\n<p style=\"text-align: left\">Le projet Resto, c\u2019est :<\/p>\n<ul style=\"text-align: left\">\n<li style=\"padding-left: 30px\">l\u2019obligation, pour tous restaurateurs, de remettre une facture \u00e0 leurs clients;<\/li>\n<li style=\"padding-left: 30px\">l\u2019obligation, pour un grand nombre de restaurateurs, de produire leurs factures au moyen d\u2019un\u00a0<span style=\"font-weight: bold\">module d\u2019enregistrement des ventes (MEV)<\/span>;<\/li>\n<li style=\"padding-left: 30px\">l\u2019intensification des activit\u00e9s d\u2019inspection de Revenu Qu\u00e9bec.<\/li>\n<\/ul>\n<p style=\"text-align: left\">Retrouvez le dossier RESTO, en cliquant\u00a0<a href=\"https:\/\/credaf.org\/wp-content\/uploads\/2016\/08\/Dossier-RESTO.pdf\" target=\"_blank\" rel=\"noopener noreferrer\">here<\/a>.<\/p>\t\t\t\t\t\t\t\t<\/div>\n\t\t\t\t<\/div>\n\t\t\t\t<\/div>\n\t\t<div class=\"elementor-element elementor-element-714296c e-con-full e-flex wpr-particle-no wpr-jarallax-no wpr-parallax-no wpr-sticky-section-no wpr-equal-height-no e-con e-child\" data-id=\"714296c\" data-element_type=\"container\" data-e-type=\"container\">\n\t\t<div class=\"elementor-element elementor-element-e926202 e-flex e-con-boxed wpr-particle-no wpr-jarallax-no wpr-parallax-no wpr-sticky-section-no wpr-equal-height-no e-con e-child\" data-id=\"e926202\" data-element_type=\"container\" data-e-type=\"container\">\n\t\t\t\t\t<div class=\"e-con-inner\">\n\t\t\t\t<div class=\"elementor-element elementor-element-9df3690 elementor-widget elementor-widget-image\" data-id=\"9df3690\" data-element_type=\"widget\" data-e-type=\"widget\" data-widget_type=\"image.default\">\n\t\t\t\t<div class=\"elementor-widget-container\">\n\t\t\t\t\t\t\t\t\t\t\t\t\t\t\t<img decoding=\"async\" width=\"125\" height=\"63\" src=\"https:\/\/credaf.org\/wp-content\/uploads\/2023\/08\/Canada.png\" class=\"attachment-large size-large wp-image-10170\" alt=\"\" \/>\t\t\t\t\t\t\t\t\t\t\t\t\t\t\t<\/div>\n\t\t\t\t<\/div>\n\t\t\t\t\t<\/div>\n\t\t\t\t<\/div>\n\t\t<div class=\"elementor-element elementor-element-8ed77a2 e-flex e-con-boxed wpr-particle-no wpr-jarallax-no wpr-parallax-no wpr-sticky-section-no wpr-equal-height-no e-con e-child\" data-id=\"8ed77a2\" data-element_type=\"container\" data-e-type=\"container\">\n\t\t\t\t\t<div class=\"e-con-inner\">\n\t\t\t\t<div class=\"elementor-element elementor-element-345d1ed elementor-widget elementor-widget-image\" data-id=\"345d1ed\" data-element_type=\"widget\" data-e-type=\"widget\" data-widget_type=\"image.default\">\n\t\t\t\t<div class=\"elementor-widget-container\">\n\t\t\t\t\t\t\t\t\t\t\t\t\t\t\t<img fetchpriority=\"high\" decoding=\"async\" width=\"300\" height=\"300\" src=\"https:\/\/credaf.org\/wp-content\/uploads\/2023\/08\/Canada-ARC-300x300.jpeg\" class=\"attachment-medium size-medium wp-image-10171\" alt=\"\" srcset=\"https:\/\/credaf.org\/wp-content\/uploads\/2023\/08\/Canada-ARC-300x300.jpeg 300w, https:\/\/credaf.org\/wp-content\/uploads\/2023\/08\/Canada-ARC-100x100.jpeg 100w, https:\/\/credaf.org\/wp-content\/uploads\/2023\/08\/Canada-ARC-150x150.jpeg 150w, https:\/\/credaf.org\/wp-content\/uploads\/2023\/08\/Canada-ARC.jpeg 451w\" sizes=\"(max-width: 300px) 100vw, 300px\" \/>\t\t\t\t\t\t\t\t\t\t\t\t\t\t\t<\/div>\n\t\t\t\t<\/div>\n\t\t\t\t\t<\/div>\n\t\t\t\t<\/div>\n\t\t<div class=\"elementor-element elementor-element-3aad311 e-flex e-con-boxed wpr-particle-no wpr-jarallax-no wpr-parallax-no wpr-sticky-section-no wpr-equal-height-no e-con e-child\" data-id=\"3aad311\" data-element_type=\"container\" data-e-type=\"container\">\n\t\t\t\t\t<div class=\"e-con-inner\">\n\t\t\t\t<div class=\"elementor-element elementor-element-57efce5 elementor-widget elementor-widget-image\" data-id=\"57efce5\" data-element_type=\"widget\" data-e-type=\"widget\" data-widget_type=\"image.default\">\n\t\t\t\t<div class=\"elementor-widget-container\">\n\t\t\t\t\t\t\t\t\t\t\t\t\t\t\t<img decoding=\"async\" width=\"720\" height=\"650\" src=\"https:\/\/credaf.org\/wp-content\/uploads\/2023\/08\/Canada.gif\" class=\"attachment-large size-large wp-image-10172\" alt=\"\" \/>\t\t\t\t\t\t\t\t\t\t\t\t\t\t\t<\/div>\n\t\t\t\t<\/div>\n\t\t\t\t\t<\/div>\n\t\t\t\t<\/div>\n\t\t\t\t<\/div>\n\t\t\t\t\t<\/div>\n\t\t\t\t<\/div>\n\t\t\t\t<\/div>\n\t\t<!-- AddThis Advanced Settings generic via filter on the_content --><!-- AddThis Share Buttons generic via filter on the_content --><!-- AddThis Related Posts generic via filter on the_content -->","protected":false},"excerpt":{"rendered":"<p>Le Canada Nature du r\u00e9gime\u00a0:\u00a0monarchie constitutionnelle \u00e0 r\u00e9gime parlementaire bicam\u00e9ral, f\u00e9d\u00e9ration de 10 provinces et trois territoiresChef de l\u2019\u00c9tat : le roi du Canada Charles III est repr\u00e9sent\u00e9 par une Gouverneure g\u00e9n\u00e9rale, Mme Mary SimonPremier ministre\u00a0: M. Mark Carney, Parti Lib\u00e9ral du Canada, (depuis le 14 mars 2025) Administration fiscale Agence du Revenu du Canada Sous-Commissaire (R\u00e9gion du Qu\u00e9bec) :<\/p>","protected":false},"author":13,"featured_media":7532,"parent":0,"menu_order":0,"comment_status":"closed","ping_status":"closed","template":"","meta":{"_acf_changed":false,"footnotes":""},"class_list":["post-378","page","type-page","status-publish","has-post-thumbnail","hentry"],"acf":[],"yoast_head":"<!-- This site is optimized with the Yoast SEO plugin v27.5 - https:\/\/yoast.com\/product\/yoast-seo-wordpress\/ -->\n<title>Canada -<\/title>\n<meta name=\"robots\" content=\"index, follow, max-snippet:-1, max-image-preview:large, max-video-preview:-1\" \/>\n<link rel=\"canonical\" href=\"https:\/\/credaf.org\/en\/canada\/\" \/>\n<meta property=\"og:locale\" content=\"en_US\" \/>\n<meta property=\"og:type\" content=\"article\" \/>\n<meta property=\"og:title\" content=\"Canada -\" \/>\n<meta property=\"og:description\" content=\"Le Canada Nature du r\u00e9gime\u00a0:\u00a0monarchie constitutionnelle \u00e0 r\u00e9gime parlementaire bicam\u00e9ral, f\u00e9d\u00e9ration de 10 provinces et trois territoiresChef de l\u2019\u00c9tat : le roi du Canada Charles III est repr\u00e9sent\u00e9 par une Gouverneure g\u00e9n\u00e9rale, Mme Mary SimonPremier ministre\u00a0: M. Mark Carney, Parti Lib\u00e9ral du Canada, (depuis le 14 mars 2025) Administration fiscale Agence du Revenu du Canada Sous-Commissaire (R\u00e9gion du Qu\u00e9bec) :\" \/>\n<meta property=\"og:url\" content=\"https:\/\/credaf.org\/en\/canada\/\" \/>\n<meta property=\"article:modified_time\" content=\"2025-08-27T13:44:48+00:00\" \/>\n<meta name=\"twitter:card\" content=\"summary_large_image\" \/>\n<meta name=\"twitter:label1\" content=\"Est. reading time\" \/>\n\t<meta name=\"twitter:data1\" content=\"2 minutes\" \/>\n<script type=\"application\/ld+json\" class=\"yoast-schema-graph\">{\"@context\":\"https:\\\/\\\/schema.org\",\"@graph\":[{\"@type\":\"WebPage\",\"@id\":\"https:\\\/\\\/credaf.org\\\/canada\\\/\",\"url\":\"https:\\\/\\\/credaf.org\\\/canada\\\/\",\"name\":\"Canada -\",\"isPartOf\":{\"@id\":\"https:\\\/\\\/credaf.org\\\/#website\"},\"primaryImageOfPage\":{\"@id\":\"https:\\\/\\\/credaf.org\\\/canada\\\/#primaryimage\"},\"image\":{\"@id\":\"https:\\\/\\\/credaf.org\\\/canada\\\/#primaryimage\"},\"thumbnailUrl\":\"\",\"datePublished\":\"2016-08-29T00:05:13+00:00\",\"dateModified\":\"2025-08-27T13:44:48+00:00\",\"breadcrumb\":{\"@id\":\"https:\\\/\\\/credaf.org\\\/canada\\\/#breadcrumb\"},\"inLanguage\":\"en-US\",\"potentialAction\":[{\"@type\":\"ReadAction\",\"target\":[\"https:\\\/\\\/credaf.org\\\/canada\\\/\"]}]},{\"@type\":\"ImageObject\",\"inLanguage\":\"en-US\",\"@id\":\"https:\\\/\\\/credaf.org\\\/canada\\\/#primaryimage\",\"url\":\"\",\"contentUrl\":\"\"},{\"@type\":\"BreadcrumbList\",\"@id\":\"https:\\\/\\\/credaf.org\\\/canada\\\/#breadcrumb\",\"itemListElement\":[{\"@type\":\"ListItem\",\"position\":1,\"name\":\"Accueil\",\"item\":\"https:\\\/\\\/credaf.org\\\/\"},{\"@type\":\"ListItem\",\"position\":2,\"name\":\"Canada\"}]},{\"@type\":\"WebSite\",\"@id\":\"https:\\\/\\\/credaf.org\\\/#website\",\"url\":\"https:\\\/\\\/credaf.org\\\/\",\"name\":\"\",\"description\":\"\",\"potentialAction\":[{\"@type\":\"SearchAction\",\"target\":{\"@type\":\"EntryPoint\",\"urlTemplate\":\"https:\\\/\\\/credaf.org\\\/?s={search_term_string}\"},\"query-input\":{\"@type\":\"PropertyValueSpecification\",\"valueRequired\":true,\"valueName\":\"search_term_string\"}}],\"inLanguage\":\"en-US\"}]}<\/script>\n<!-- \/ Yoast SEO plugin. -->","yoast_head_json":{"title":"Canada -","robots":{"index":"index","follow":"follow","max-snippet":"max-snippet:-1","max-image-preview":"max-image-preview:large","max-video-preview":"max-video-preview:-1"},"canonical":"https:\/\/credaf.org\/en\/canada\/","og_locale":"en_US","og_type":"article","og_title":"Canada -","og_description":"Le Canada Nature du r\u00e9gime\u00a0:\u00a0monarchie constitutionnelle \u00e0 r\u00e9gime parlementaire bicam\u00e9ral, f\u00e9d\u00e9ration de 10 provinces et trois territoiresChef de l\u2019\u00c9tat : le roi du Canada Charles III est repr\u00e9sent\u00e9 par une Gouverneure g\u00e9n\u00e9rale, Mme Mary SimonPremier ministre\u00a0: M. Mark Carney, Parti Lib\u00e9ral du Canada, (depuis le 14 mars 2025) Administration fiscale Agence du Revenu du Canada Sous-Commissaire (R\u00e9gion du Qu\u00e9bec) :","og_url":"https:\/\/credaf.org\/en\/canada\/","article_modified_time":"2025-08-27T13:44:48+00:00","twitter_card":"summary_large_image","twitter_misc":{"Est. reading time":"2 minutes"},"schema":{"@context":"https:\/\/schema.org","@graph":[{"@type":"WebPage","@id":"https:\/\/credaf.org\/canada\/","url":"https:\/\/credaf.org\/canada\/","name":"Canada -","isPartOf":{"@id":"https:\/\/credaf.org\/#website"},"primaryImageOfPage":{"@id":"https:\/\/credaf.org\/canada\/#primaryimage"},"image":{"@id":"https:\/\/credaf.org\/canada\/#primaryimage"},"thumbnailUrl":"","datePublished":"2016-08-29T00:05:13+00:00","dateModified":"2025-08-27T13:44:48+00:00","breadcrumb":{"@id":"https:\/\/credaf.org\/canada\/#breadcrumb"},"inLanguage":"en-US","potentialAction":[{"@type":"ReadAction","target":["https:\/\/credaf.org\/canada\/"]}]},{"@type":"ImageObject","inLanguage":"en-US","@id":"https:\/\/credaf.org\/canada\/#primaryimage","url":"","contentUrl":""},{"@type":"BreadcrumbList","@id":"https:\/\/credaf.org\/canada\/#breadcrumb","itemListElement":[{"@type":"ListItem","position":1,"name":"Accueil","item":"https:\/\/credaf.org\/"},{"@type":"ListItem","position":2,"name":"Canada"}]},{"@type":"WebSite","@id":"https:\/\/credaf.org\/#website","url":"https:\/\/credaf.org\/","name":"","description":"","potentialAction":[{"@type":"SearchAction","target":{"@type":"EntryPoint","urlTemplate":"https:\/\/credaf.org\/?s={search_term_string}"},"query-input":{"@type":"PropertyValueSpecification","valueRequired":true,"valueName":"search_term_string"}}],"inLanguage":"en-US"}]}},"rttpg_featured_image_url":null,"rttpg_author":{"display_name":"sgcredaf","author_link":"https:\/\/credaf.org\/en\/author\/sgcredaf\/"},"rttpg_comment":0,"rttpg_category":null,"rttpg_excerpt":"Le Canada Nature du r\u00e9gime\u00a0:\u00a0monarchie constitutionnelle \u00e0 r\u00e9gime parlementaire bicam\u00e9ral, f\u00e9d\u00e9ration de 10 provinces et trois territoiresChef de l\u2019\u00c9tat : le roi du Canada Charles III est repr\u00e9sent\u00e9 par une Gouverneure g\u00e9n\u00e9rale, Mme Mary SimonPremier ministre\u00a0: M. Mark Carney, Parti Lib\u00e9ral du Canada, (depuis le 14 mars 2025) Administration fiscale Agence du Revenu du Canada&hellip;","_links":{"self":[{"href":"https:\/\/credaf.org\/en\/wp-json\/wp\/v2\/pages\/378","targetHints":{"allow":["GET"]}}],"collection":[{"href":"https:\/\/credaf.org\/en\/wp-json\/wp\/v2\/pages"}],"about":[{"href":"https:\/\/credaf.org\/en\/wp-json\/wp\/v2\/types\/page"}],"author":[{"embeddable":true,"href":"https:\/\/credaf.org\/en\/wp-json\/wp\/v2\/users\/13"}],"replies":[{"embeddable":true,"href":"https:\/\/credaf.org\/en\/wp-json\/wp\/v2\/comments?post=378"}],"version-history":[{"count":10,"href":"https:\/\/credaf.org\/en\/wp-json\/wp\/v2\/pages\/378\/revisions"}],"predecessor-version":[{"id":11185,"href":"https:\/\/credaf.org\/en\/wp-json\/wp\/v2\/pages\/378\/revisions\/11185"}],"wp:featuredmedia":[{"embeddable":true,"href":"https:\/\/credaf.org\/en\/wp-json\/"}],"wp:attachment":[{"href":"https:\/\/credaf.org\/en\/wp-json\/wp\/v2\/media?parent=378"}],"curies":[{"name":"wp","href":"https:\/\/api.w.org\/{rel}","templated":true}]}}