{"id":385,"date":"2016-08-29T02:06:26","date_gmt":"2016-08-29T00:06:26","guid":{"rendered":"http:\/\/credaf.org\/?page_id=385"},"modified":"2024-06-24T01:30:11","modified_gmt":"2024-06-23T23:30:11","slug":"congo","status":"publish","type":"page","link":"https:\/\/credaf.org\/en\/congo\/","title":{"rendered":"Congo"},"content":{"rendered":"<div data-elementor-type=\"wp-page\" data-elementor-id=\"385\" class=\"elementor elementor-385\">\n\t\t\t\t<div class=\"elementor-element elementor-element-dbde365 e-flex e-con-boxed wpr-particle-no wpr-jarallax-no wpr-parallax-no wpr-sticky-section-no wpr-equal-height-no e-con e-parent\" data-id=\"dbde365\" data-element_type=\"container\" data-e-type=\"container\">\n\t\t\t\t\t<div class=\"e-con-inner\">\n\t\t\t\t<div class=\"elementor-element elementor-element-552b759 elementor-widget elementor-widget-heading\" data-id=\"552b759\" data-element_type=\"widget\" data-e-type=\"widget\" data-widget_type=\"heading.default\">\n\t\t\t\t<div class=\"elementor-widget-container\">\n\t\t\t\t\t<h2 class=\"elementor-heading-title elementor-size-default\">La R\u00e9publique du Congo<\/h2>\t\t\t\t<\/div>\n\t\t\t\t<\/div>\n\t\t\t\t\t<\/div>\n\t\t\t\t<\/div>\n\t\t<div class=\"elementor-element elementor-element-a17f3f4 e-flex e-con-boxed wpr-particle-no wpr-jarallax-no wpr-parallax-no wpr-sticky-section-no wpr-equal-height-no e-con e-parent\" data-id=\"a17f3f4\" data-element_type=\"container\" data-e-type=\"container\">\n\t\t\t\t\t<div class=\"e-con-inner\">\n\t\t<div class=\"elementor-element elementor-element-a97829f e-con-full e-flex wpr-particle-no wpr-jarallax-no wpr-parallax-no wpr-sticky-section-no wpr-equal-height-no e-con e-child\" data-id=\"a97829f\" data-element_type=\"container\" data-e-type=\"container\">\n\t\t\t\t<div class=\"elementor-element elementor-element-4c23c70 elementor-widget elementor-widget-text-editor\" data-id=\"4c23c70\" data-element_type=\"widget\" data-e-type=\"widget\" data-widget_type=\"text-editor.default\">\n\t\t\t\t<div class=\"elementor-widget-container\">\n\t\t\t\t\t\t\t\t\t<p style=\"text-align: left;\"><span style=\"font-weight: bold; color: var( --e-global-color-text ); font-family: var( --e-global-typography-text-font-family ), Sans-serif;\">Nature du r\u00e9gime\u00a0:<\/span><span style=\"color: var( --e-global-color-text ); font-family: var( --e-global-typography-text-font-family ), Sans-serif; font-weight: var( --e-global-typography-text-font-weight );\">\u00a0R\u00e9publique<br \/><\/span><span style=\"font-weight: bold;\">Chef d\u2019Etat :<\/span>\u00a0M. Denis SASSOU-NGUESSO <em>(depuis 1997)<br \/><\/em><span style=\"font-weight: bold;\">Premier ministre\u00a0<\/span>: M. Anatole Collinet MAKOSSO <em>(depuis le 12 mai 2021)<\/em><\/p><h4 style=\"text-align: left;\">Administration fiscale<\/h4><p style=\"text-align: left;\">Direction g\u00e9n\u00e9rale de la Comptabilit\u00e9 publique, des Recettes de Service et de Portefeuille<\/p><p style=\"text-align: left;\"><span style=\"font-weight: bold;\">Directeur g\u00e9n\u00e9ral<\/span>\u00a0:\u00a0<span class=\"JsGRdQ\">M. Ludovic IOUTA<br \/><\/span><span style=\"font-weight: bold;\">Site internet: <\/span><a href=\"http:\/\/www.finances.gouv.cg\/fr\/direction-g%C3%A9n%C3%A9rale-de-la-comptabilit%C3%A9-publique\">http:\/\/www.finances.gouv.cg\/fr\/<\/a><\/p><h4 style=\"text-align: left;\">Le Congo en quelques chiffres<\/h4><p style=\"text-align: left;\"><span style=\"font-weight: bold;\">Capitale :<\/span>\u00a0Brazzaville<br \/><span style=\"font-weight: bold;\">Superficie :<\/span>\u00a0342 000 km\u00b2<br \/><span style=\"font-weight: bold;\">Nombre d\u2019habitants<\/span> : 6,245 millions (Ined, 2024)<br \/><span style=\"font-weight: bold;\">PIB\/hab :<\/span> 2 460 US$ (FMI, 2024)<\/p><p style=\"text-align: left;\">L\u2019OCDE et le PNUD ont produit des publications sur les perspectives \u00e9conomiques des pays africains en partenariat avec la Banque africaine de d\u00e9veloppement.<\/p><p style=\"text-align: left;\">Pour en savoir plus sur la situation \u00e9conomique de la R\u00e9publique du Congo,\u00a0<a href=\"https:\/\/www.afdb.org\/fr\/countries\/central-africa\/congo\">click here<\/a>.<\/p><div class=\"ce_text colonnes2 block\" style=\"text-align: left;\"><h4>Lutte contre l\u2019incivisme fiscal : le concept de \u00ab foire fiscale \u00bb du Congo<\/h4><p style=\"text-align: justify;\">Le dispositif, invent\u00e9 par le \u00a0Directeur g\u00e9n\u00e9ral des imp\u00f4ts et des domaines de la R\u00e9publique du Congo, Antoine N\u2019GAKOSSO, \u00a0consiste \u00e0\u00a0<span style=\"font-weight: bold;\">d\u00e9placer l&rsquo;administration fiscale<\/span>\u00a0vers le lieu d&rsquo;activit\u00e9s des contribuables pour y collecter l&rsquo;imp\u00f4t et ce, en mettent en place les\u00a0<span style=\"font-weight: bold;\">strat\u00e9gies incitatives au civisme fiscal<\/span>\u00a0en vue d\u2019am\u00e9liorer le rendement de l\u2019imp\u00f4t.<\/p><\/div><p style=\"text-align: left;\">Pour retrouver le document sur la Foire fiscale du Congo, cliquez\u00a0<a href=\"https:\/\/credaf.org\/wp-content\/uploads\/2016\/08\/FOIRE-FISCALE-Congo.pdf\">here<\/a>.<\/p>\t\t\t\t\t\t\t\t<\/div>\n\t\t\t\t<\/div>\n\t\t\t\t<\/div>\n\t\t<div class=\"elementor-element elementor-element-675858d e-con-full e-flex wpr-particle-no wpr-jarallax-no wpr-parallax-no wpr-sticky-section-no wpr-equal-height-no e-con e-child\" data-id=\"675858d\" data-element_type=\"container\" data-e-type=\"container\">\n\t\t<div class=\"elementor-element elementor-element-85e1109 e-flex e-con-boxed wpr-particle-no wpr-jarallax-no wpr-parallax-no wpr-sticky-section-no wpr-equal-height-no e-con e-child\" data-id=\"85e1109\" data-element_type=\"container\" data-e-type=\"container\">\n\t\t\t\t\t<div class=\"e-con-inner\">\n\t\t\t\t<div class=\"elementor-element elementor-element-3dc5df3 elementor-widget elementor-widget-image\" data-id=\"3dc5df3\" data-element_type=\"widget\" data-e-type=\"widget\" data-widget_type=\"image.default\">\n\t\t\t\t<div class=\"elementor-widget-container\">\n\t\t\t\t\t\t\t\t\t\t\t\t\t\t\t<img decoding=\"async\" width=\"125\" height=\"83\" src=\"https:\/\/credaf.org\/wp-content\/uploads\/2023\/08\/Congo.png\" class=\"attachment-large size-large wp-image-10149\" alt=\"\" \/>\t\t\t\t\t\t\t\t\t\t\t\t\t\t\t<\/div>\n\t\t\t\t<\/div>\n\t\t\t\t\t<\/div>\n\t\t\t\t<\/div>\n\t\t<div class=\"elementor-element elementor-element-9099dae e-flex e-con-boxed wpr-particle-no wpr-jarallax-no wpr-parallax-no wpr-sticky-section-no wpr-equal-height-no e-con e-child\" data-id=\"9099dae\" data-element_type=\"container\" data-e-type=\"container\">\n\t\t\t\t\t<div class=\"e-con-inner\">\n\t\t\t\t<div class=\"elementor-element elementor-element-3071d90 elementor-widget elementor-widget-image\" data-id=\"3071d90\" data-element_type=\"widget\" data-e-type=\"widget\" data-widget_type=\"image.default\">\n\t\t\t\t<div class=\"elementor-widget-container\">\n\t\t\t\t\t\t\t\t\t\t\t\t\t\t\t<img decoding=\"async\" width=\"134\" height=\"145\" src=\"https:\/\/credaf.org\/wp-content\/uploads\/2023\/08\/Congo_DGID-1.jpg\" class=\"attachment-large size-large wp-image-10150\" alt=\"\" \/>\t\t\t\t\t\t\t\t\t\t\t\t\t\t\t<\/div>\n\t\t\t\t<\/div>\n\t\t\t\t\t<\/div>\n\t\t\t\t<\/div>\n\t\t<div class=\"elementor-element elementor-element-ee870ca e-flex e-con-boxed wpr-particle-no wpr-jarallax-no wpr-parallax-no wpr-sticky-section-no wpr-equal-height-no e-con e-child\" data-id=\"ee870ca\" data-element_type=\"container\" data-e-type=\"container\">\n\t\t\t\t\t<div class=\"e-con-inner\">\n\t\t\t\t<div class=\"elementor-element elementor-element-e1e9b40 elementor-widget elementor-widget-image\" data-id=\"e1e9b40\" data-element_type=\"widget\" data-e-type=\"widget\" data-widget_type=\"image.default\">\n\t\t\t\t<div class=\"elementor-widget-container\">\n\t\t\t\t\t\t\t\t\t\t\t\t\t\t\t<img fetchpriority=\"high\" decoding=\"async\" width=\"653\" height=\"889\" src=\"https:\/\/credaf.org\/wp-content\/uploads\/2023\/08\/Congo.gif\" class=\"attachment-large size-large wp-image-10151\" alt=\"\" \/>\t\t\t\t\t\t\t\t\t\t\t\t\t\t\t<\/div>\n\t\t\t\t<\/div>\n\t\t\t\t\t<\/div>\n\t\t\t\t<\/div>\n\t\t\t\t<\/div>\n\t\t\t\t\t<\/div>\n\t\t\t\t<\/div>\n\t\t\t\t<\/div>\n\t\t<!-- AddThis Advanced Settings generic via filter on the_content --><!-- AddThis Share Buttons generic via filter on the_content --><!-- AddThis Related Posts generic via filter on the_content -->","protected":false},"excerpt":{"rendered":"<p>La R\u00e9publique du Congo Nature du r\u00e9gime\u00a0:\u00a0R\u00e9publiqueChef d\u2019Etat :\u00a0M. Denis SASSOU-NGUESSO (depuis 1997)Premier ministre\u00a0: M. Anatole Collinet MAKOSSO (depuis le 12 mai 2021) Administration fiscale Direction g\u00e9n\u00e9rale de la Comptabilit\u00e9 publique, des Recettes de Service et de Portefeuille Directeur g\u00e9n\u00e9ral\u00a0:\u00a0M. Ludovic IOUTASite internet: http:\/\/www.finances.gouv.cg\/fr\/ Le Congo en quelques chiffres Capitale :\u00a0BrazzavilleSuperficie :\u00a0342 000 km\u00b2Nombre d\u2019habitants : 6,245 millions (Ined, 2024)PIB\/hab<\/p>","protected":false},"author":13,"featured_media":0,"parent":0,"menu_order":0,"comment_status":"closed","ping_status":"closed","template":"","meta":{"_acf_changed":false,"footnotes":""},"class_list":["post-385","page","type-page","status-publish","hentry"],"acf":[],"yoast_head":"<!-- This site is optimized with the Yoast SEO plugin v27.4 - https:\/\/yoast.com\/product\/yoast-seo-wordpress\/ -->\n<title>Congo -<\/title>\n<meta name=\"robots\" content=\"index, follow, max-snippet:-1, max-image-preview:large, max-video-preview:-1\" \/>\n<link rel=\"canonical\" href=\"https:\/\/credaf.org\/en\/congo\/\" \/>\n<meta property=\"og:locale\" content=\"en_US\" \/>\n<meta property=\"og:type\" content=\"article\" \/>\n<meta property=\"og:title\" content=\"Congo -\" \/>\n<meta property=\"og:description\" content=\"La R\u00e9publique du Congo Nature du r\u00e9gime\u00a0:\u00a0R\u00e9publiqueChef d\u2019Etat :\u00a0M. Denis SASSOU-NGUESSO (depuis 1997)Premier ministre\u00a0: M. Anatole Collinet MAKOSSO (depuis le 12 mai 2021) Administration fiscale Direction g\u00e9n\u00e9rale de la Comptabilit\u00e9 publique, des Recettes de Service et de Portefeuille Directeur g\u00e9n\u00e9ral\u00a0:\u00a0M. Ludovic IOUTASite internet: http:\/\/www.finances.gouv.cg\/fr\/ Le Congo en quelques chiffres Capitale :\u00a0BrazzavilleSuperficie :\u00a0342 000 km\u00b2Nombre d\u2019habitants : 6,245 millions (Ined, 2024)PIB\/hab\" \/>\n<meta property=\"og:url\" content=\"https:\/\/credaf.org\/en\/congo\/\" \/>\n<meta property=\"article:modified_time\" content=\"2024-06-23T23:30:11+00:00\" \/>\n<meta property=\"og:image\" content=\"https:\/\/credaf.org\/wp-content\/uploads\/2023\/08\/Congo.png\" \/>\n<meta name=\"twitter:card\" content=\"summary_large_image\" \/>\n<meta name=\"twitter:label1\" content=\"Est. reading time\" \/>\n\t<meta name=\"twitter:data1\" content=\"2 minutes\" \/>\n<script type=\"application\/ld+json\" class=\"yoast-schema-graph\">{\"@context\":\"https:\\\/\\\/schema.org\",\"@graph\":[{\"@type\":\"WebPage\",\"@id\":\"https:\\\/\\\/credaf.org\\\/congo\\\/\",\"url\":\"https:\\\/\\\/credaf.org\\\/congo\\\/\",\"name\":\"Congo -\",\"isPartOf\":{\"@id\":\"https:\\\/\\\/credaf.org\\\/#website\"},\"primaryImageOfPage\":{\"@id\":\"https:\\\/\\\/credaf.org\\\/congo\\\/#primaryimage\"},\"image\":{\"@id\":\"https:\\\/\\\/credaf.org\\\/congo\\\/#primaryimage\"},\"thumbnailUrl\":\"https:\\\/\\\/credaf.org\\\/wp-content\\\/uploads\\\/2023\\\/08\\\/Congo.png\",\"datePublished\":\"2016-08-29T00:06:26+00:00\",\"dateModified\":\"2024-06-23T23:30:11+00:00\",\"breadcrumb\":{\"@id\":\"https:\\\/\\\/credaf.org\\\/congo\\\/#breadcrumb\"},\"inLanguage\":\"en-US\",\"potentialAction\":[{\"@type\":\"ReadAction\",\"target\":[\"https:\\\/\\\/credaf.org\\\/congo\\\/\"]}]},{\"@type\":\"ImageObject\",\"inLanguage\":\"en-US\",\"@id\":\"https:\\\/\\\/credaf.org\\\/congo\\\/#primaryimage\",\"url\":\"https:\\\/\\\/credaf.org\\\/wp-content\\\/uploads\\\/2023\\\/08\\\/Congo.png\",\"contentUrl\":\"https:\\\/\\\/credaf.org\\\/wp-content\\\/uploads\\\/2023\\\/08\\\/Congo.png\"},{\"@type\":\"BreadcrumbList\",\"@id\":\"https:\\\/\\\/credaf.org\\\/congo\\\/#breadcrumb\",\"itemListElement\":[{\"@type\":\"ListItem\",\"position\":1,\"name\":\"Accueil\",\"item\":\"https:\\\/\\\/credaf.org\\\/\"},{\"@type\":\"ListItem\",\"position\":2,\"name\":\"Congo\"}]},{\"@type\":\"WebSite\",\"@id\":\"https:\\\/\\\/credaf.org\\\/#website\",\"url\":\"https:\\\/\\\/credaf.org\\\/\",\"name\":\"\",\"description\":\"\",\"potentialAction\":[{\"@type\":\"SearchAction\",\"target\":{\"@type\":\"EntryPoint\",\"urlTemplate\":\"https:\\\/\\\/credaf.org\\\/?s={search_term_string}\"},\"query-input\":{\"@type\":\"PropertyValueSpecification\",\"valueRequired\":true,\"valueName\":\"search_term_string\"}}],\"inLanguage\":\"en-US\"}]}<\/script>\n<!-- \/ Yoast SEO plugin. -->","yoast_head_json":{"title":"Congo -","robots":{"index":"index","follow":"follow","max-snippet":"max-snippet:-1","max-image-preview":"max-image-preview:large","max-video-preview":"max-video-preview:-1"},"canonical":"https:\/\/credaf.org\/en\/congo\/","og_locale":"en_US","og_type":"article","og_title":"Congo -","og_description":"La R\u00e9publique du Congo Nature du r\u00e9gime\u00a0:\u00a0R\u00e9publiqueChef d\u2019Etat :\u00a0M. Denis SASSOU-NGUESSO (depuis 1997)Premier ministre\u00a0: M. Anatole Collinet MAKOSSO (depuis le 12 mai 2021) Administration fiscale Direction g\u00e9n\u00e9rale de la Comptabilit\u00e9 publique, des Recettes de Service et de Portefeuille Directeur g\u00e9n\u00e9ral\u00a0:\u00a0M. Ludovic IOUTASite internet: http:\/\/www.finances.gouv.cg\/fr\/ Le Congo en quelques chiffres Capitale :\u00a0BrazzavilleSuperficie :\u00a0342 000 km\u00b2Nombre d\u2019habitants : 6,245 millions (Ined, 2024)PIB\/hab","og_url":"https:\/\/credaf.org\/en\/congo\/","article_modified_time":"2024-06-23T23:30:11+00:00","og_image":[{"url":"https:\/\/credaf.org\/wp-content\/uploads\/2023\/08\/Congo.png","type":"","width":"","height":""}],"twitter_card":"summary_large_image","twitter_misc":{"Est. reading time":"2 minutes"},"schema":{"@context":"https:\/\/schema.org","@graph":[{"@type":"WebPage","@id":"https:\/\/credaf.org\/congo\/","url":"https:\/\/credaf.org\/congo\/","name":"Congo -","isPartOf":{"@id":"https:\/\/credaf.org\/#website"},"primaryImageOfPage":{"@id":"https:\/\/credaf.org\/congo\/#primaryimage"},"image":{"@id":"https:\/\/credaf.org\/congo\/#primaryimage"},"thumbnailUrl":"https:\/\/credaf.org\/wp-content\/uploads\/2023\/08\/Congo.png","datePublished":"2016-08-29T00:06:26+00:00","dateModified":"2024-06-23T23:30:11+00:00","breadcrumb":{"@id":"https:\/\/credaf.org\/congo\/#breadcrumb"},"inLanguage":"en-US","potentialAction":[{"@type":"ReadAction","target":["https:\/\/credaf.org\/congo\/"]}]},{"@type":"ImageObject","inLanguage":"en-US","@id":"https:\/\/credaf.org\/congo\/#primaryimage","url":"https:\/\/credaf.org\/wp-content\/uploads\/2023\/08\/Congo.png","contentUrl":"https:\/\/credaf.org\/wp-content\/uploads\/2023\/08\/Congo.png"},{"@type":"BreadcrumbList","@id":"https:\/\/credaf.org\/congo\/#breadcrumb","itemListElement":[{"@type":"ListItem","position":1,"name":"Accueil","item":"https:\/\/credaf.org\/"},{"@type":"ListItem","position":2,"name":"Congo"}]},{"@type":"WebSite","@id":"https:\/\/credaf.org\/#website","url":"https:\/\/credaf.org\/","name":"","description":"","potentialAction":[{"@type":"SearchAction","target":{"@type":"EntryPoint","urlTemplate":"https:\/\/credaf.org\/?s={search_term_string}"},"query-input":{"@type":"PropertyValueSpecification","valueRequired":true,"valueName":"search_term_string"}}],"inLanguage":"en-US"}]}},"rttpg_featured_image_url":null,"rttpg_author":{"display_name":"sgcredaf","author_link":"https:\/\/credaf.org\/en\/author\/sgcredaf\/"},"rttpg_comment":0,"rttpg_category":null,"rttpg_excerpt":"La R\u00e9publique du Congo Nature du r\u00e9gime\u00a0:\u00a0R\u00e9publiqueChef d\u2019Etat :\u00a0M. Denis SASSOU-NGUESSO (depuis 1997)Premier ministre\u00a0: M. Anatole Collinet MAKOSSO (depuis le 12 mai 2021) Administration fiscale Direction g\u00e9n\u00e9rale de la Comptabilit\u00e9 publique, des Recettes de Service et de Portefeuille Directeur g\u00e9n\u00e9ral\u00a0:\u00a0M. Ludovic IOUTASite internet: http:\/\/www.finances.gouv.cg\/fr\/ Le Congo en quelques chiffres Capitale :\u00a0BrazzavilleSuperficie :\u00a0342 000 km\u00b2Nombre d\u2019habitants&hellip;","_links":{"self":[{"href":"https:\/\/credaf.org\/en\/wp-json\/wp\/v2\/pages\/385","targetHints":{"allow":["GET"]}}],"collection":[{"href":"https:\/\/credaf.org\/en\/wp-json\/wp\/v2\/pages"}],"about":[{"href":"https:\/\/credaf.org\/en\/wp-json\/wp\/v2\/types\/page"}],"author":[{"embeddable":true,"href":"https:\/\/credaf.org\/en\/wp-json\/wp\/v2\/users\/13"}],"replies":[{"embeddable":true,"href":"https:\/\/credaf.org\/en\/wp-json\/wp\/v2\/comments?post=385"}],"version-history":[{"count":0,"href":"https:\/\/credaf.org\/en\/wp-json\/wp\/v2\/pages\/385\/revisions"}],"wp:attachment":[{"href":"https:\/\/credaf.org\/en\/wp-json\/wp\/v2\/media?parent=385"}],"curies":[{"name":"wp","href":"https:\/\/api.w.org\/{rel}","templated":true}]}}