{"id":389,"date":"2016-08-29T02:06:29","date_gmt":"2016-08-29T00:06:29","guid":{"rendered":"http:\/\/credaf.org\/?page_id=389"},"modified":"2024-12-11T17:16:13","modified_gmt":"2024-12-11T16:16:13","slug":"gabon","status":"publish","type":"page","link":"https:\/\/credaf.org\/en\/gabon\/","title":{"rendered":"Gabon"},"content":{"rendered":"<div data-elementor-type=\"wp-page\" data-elementor-id=\"389\" class=\"elementor elementor-389\">\n\t\t\t\t<div class=\"elementor-element elementor-element-5b37986 e-flex e-con-boxed wpr-particle-no wpr-jarallax-no wpr-parallax-no wpr-sticky-section-no wpr-equal-height-no e-con e-parent\" data-id=\"5b37986\" data-element_type=\"container\" data-e-type=\"container\">\n\t\t\t\t\t<div class=\"e-con-inner\">\n\t\t\t\t<div class=\"elementor-element elementor-element-d3104b1 elementor-widget elementor-widget-heading\" data-id=\"d3104b1\" data-element_type=\"widget\" data-e-type=\"widget\" data-widget_type=\"heading.default\">\n\t\t\t\t<div class=\"elementor-widget-container\">\n\t\t\t\t\t<h2 class=\"elementor-heading-title elementor-size-default\">La R\u00e9publique gabonaise<\/h2>\t\t\t\t<\/div>\n\t\t\t\t<\/div>\n\t\t\t\t\t<\/div>\n\t\t\t\t<\/div>\n\t\t<div class=\"elementor-element elementor-element-51926f0 e-flex e-con-boxed wpr-particle-no wpr-jarallax-no wpr-parallax-no wpr-sticky-section-no wpr-equal-height-no e-con e-parent\" data-id=\"51926f0\" data-element_type=\"container\" data-e-type=\"container\">\n\t\t\t\t\t<div class=\"e-con-inner\">\n\t\t<div class=\"elementor-element elementor-element-76480be e-con-full e-flex wpr-particle-no wpr-jarallax-no wpr-parallax-no wpr-sticky-section-no wpr-equal-height-no e-con e-child\" data-id=\"76480be\" data-element_type=\"container\" data-e-type=\"container\">\n\t\t\t\t<div class=\"elementor-element elementor-element-c2759a0 elementor-widget elementor-widget-text-editor\" data-id=\"c2759a0\" data-element_type=\"widget\" data-e-type=\"widget\" data-widget_type=\"text-editor.default\">\n\t\t\t\t<div class=\"elementor-widget-container\">\n\t\t\t\t\t\t\t\t\t<p><span style=\"font-weight: bold; color: var( --e-global-color-text ); font-family: var( --e-global-typography-text-font-family ), Sans-serif;\">Nature du r\u00e9gime :<\/span><span style=\"color: var( --e-global-color-text ); font-family: var( --e-global-typography-text-font-family ), Sans-serif; font-weight: var( --e-global-typography-text-font-weight );\">\u00a0Pr\u00e9sidentiel<br \/><\/span><span style=\"font-weight: bold;\">Chef de l\u2019Etat :<\/span> M. Brice Oligui Nguema (Pr\u00e9sident de la transition)<br \/><span style=\"font-weight: bold;\">Premi\u00e8re Ministre :\u00a0<\/span>Raymond Ndong Sima (transition)<\/p><h4>Administration fiscale<\/h4><p>Direction g\u00e9n\u00e9rale des Imp\u00f4ts<\/p><p><span style=\"font-weight: bold;\">Directeur g\u00e9n\u00e9ral<\/span>\u00a0: <span class=\"JsGRdQ\">M. Eric BOUMAH<\/span><\/p><p><span style=\"font-weight: bold;\">Site Internet: <\/span><\/p><p><a href=\"https:\/\/economie.gouv.ga\/\">Minist\u00e8re de l\u2019\u00c9conomie et des Participations (MEP)<\/a><\/p><h4 style=\"text-align: left;\">Le Gabon en quelques chiffres<\/h4><p><span style=\"font-weight: bold;\">Capitale :<\/span>\u00a0Libreville<br \/><span style=\"font-weight: bold;\">Superficie :<\/span>\u00a0267 667 km\u00b2<br \/><span style=\"font-weight: bold;\">Nombre d\u2019habitants :<\/span> 2,485 millions (Ined, 2024)<br \/><span style=\"font-weight: bold;\">PIB\/hab (estimation) :<\/span> 9 310 US$ (FMI, 2024)<\/p><p>L\u2019OCDE et le PNUD ont produit des publications sur les perspectives \u00e9conomiques des pays africains en partenariat avec la Banque africaine de d\u00e9veloppement.<\/p><p>Pour en savoir plus sur la situation \u00e9conomique du Gabon,\u00a0<a href=\"https:\/\/www.afdb.org\/fr\/countries\/central-africa\/gabon\">click here<\/a>.<\/p>\t\t\t\t\t\t\t\t<\/div>\n\t\t\t\t<\/div>\n\t\t\t\t<\/div>\n\t\t<div class=\"elementor-element elementor-element-93323f6 e-con-full e-flex wpr-particle-no wpr-jarallax-no wpr-parallax-no wpr-sticky-section-no wpr-equal-height-no e-con e-child\" data-id=\"93323f6\" data-element_type=\"container\" data-e-type=\"container\">\n\t\t<div class=\"elementor-element elementor-element-4158214 e-flex e-con-boxed wpr-particle-no wpr-jarallax-no wpr-parallax-no wpr-sticky-section-no wpr-equal-height-no e-con e-child\" data-id=\"4158214\" data-element_type=\"container\" data-e-type=\"container\">\n\t\t\t\t\t<div class=\"e-con-inner\">\n\t\t\t\t<div class=\"elementor-element elementor-element-c0b2a1b elementor-widget elementor-widget-image\" data-id=\"c0b2a1b\" data-element_type=\"widget\" data-e-type=\"widget\" data-widget_type=\"image.default\">\n\t\t\t\t<div class=\"elementor-widget-container\">\n\t\t\t\t\t\t\t\t\t\t\t\t\t\t\t<img decoding=\"async\" width=\"125\" height=\"94\" src=\"https:\/\/credaf.org\/wp-content\/uploads\/2023\/08\/Gabon.png\" class=\"attachment-large size-large wp-image-10117\" alt=\"\" srcset=\"https:\/\/credaf.org\/wp-content\/uploads\/2023\/08\/Gabon.png 125w, https:\/\/credaf.org\/wp-content\/uploads\/2023\/08\/Gabon-80x60.png 80w\" sizes=\"(max-width: 125px) 100vw, 125px\" \/>\t\t\t\t\t\t\t\t\t\t\t\t\t\t\t<\/div>\n\t\t\t\t<\/div>\n\t\t\t\t\t<\/div>\n\t\t\t\t<\/div>\n\t\t<div class=\"elementor-element elementor-element-4c885d3 e-flex e-con-boxed wpr-particle-no wpr-jarallax-no wpr-parallax-no wpr-sticky-section-no wpr-equal-height-no e-con e-child\" data-id=\"4c885d3\" data-element_type=\"container\" data-e-type=\"container\">\n\t\t\t\t\t<div class=\"e-con-inner\">\n\t\t\t\t<div class=\"elementor-element elementor-element-a15cbe0 elementor-widget elementor-widget-image\" data-id=\"a15cbe0\" data-element_type=\"widget\" data-e-type=\"widget\" data-widget_type=\"image.default\">\n\t\t\t\t<div class=\"elementor-widget-container\">\n\t\t\t\t\t\t\t\t\t\t\t\t\t\t\t<img decoding=\"async\" width=\"300\" height=\"121\" src=\"https:\/\/credaf.org\/wp-content\/uploads\/2023\/08\/Gabon_DGI-1-300x121.jpg\" class=\"attachment-medium size-medium wp-image-10118\" alt=\"\" srcset=\"https:\/\/credaf.org\/wp-content\/uploads\/2023\/08\/Gabon_DGI-1-300x121.jpg 300w, https:\/\/credaf.org\/wp-content\/uploads\/2023\/08\/Gabon_DGI-1-scaled-600x242.jpg 600w, https:\/\/credaf.org\/wp-content\/uploads\/2023\/08\/Gabon_DGI-1-1024x414.jpg 1024w, https:\/\/credaf.org\/wp-content\/uploads\/2023\/08\/Gabon_DGI-1-768x310.jpg 768w, https:\/\/credaf.org\/wp-content\/uploads\/2023\/08\/Gabon_DGI-1-1536x620.jpg 1536w, https:\/\/credaf.org\/wp-content\/uploads\/2023\/08\/Gabon_DGI-1-2048x827.jpg 2048w, https:\/\/credaf.org\/wp-content\/uploads\/2023\/08\/Gabon_DGI-1-1370x550.jpg 1370w\" sizes=\"(max-width: 300px) 100vw, 300px\" \/>\t\t\t\t\t\t\t\t\t\t\t\t\t\t\t<\/div>\n\t\t\t\t<\/div>\n\t\t\t\t\t<\/div>\n\t\t\t\t<\/div>\n\t\t<div class=\"elementor-element elementor-element-569cad8 e-flex e-con-boxed wpr-particle-no wpr-jarallax-no wpr-parallax-no wpr-sticky-section-no wpr-equal-height-no e-con e-child\" data-id=\"569cad8\" data-element_type=\"container\" data-e-type=\"container\">\n\t\t\t\t\t<div class=\"e-con-inner\">\n\t\t\t\t<div class=\"elementor-element elementor-element-e79b158 elementor-widget elementor-widget-image\" data-id=\"e79b158\" data-element_type=\"widget\" data-e-type=\"widget\" data-widget_type=\"image.default\">\n\t\t\t\t<div class=\"elementor-widget-container\">\n\t\t\t\t\t\t\t\t\t\t\t\t\t\t\t<img fetchpriority=\"high\" decoding=\"async\" width=\"720\" height=\"540\" src=\"https:\/\/credaf.org\/wp-content\/uploads\/2023\/08\/GUINEE-1.gif\" class=\"attachment-large size-large wp-image-10113\" alt=\"\" \/>\t\t\t\t\t\t\t\t\t\t\t\t\t\t\t<\/div>\n\t\t\t\t<\/div>\n\t\t\t\t\t<\/div>\n\t\t\t\t<\/div>\n\t\t\t\t<\/div>\n\t\t\t\t\t<\/div>\n\t\t\t\t<\/div>\n\t\t\t\t<\/div>\n\t\t<!-- AddThis Advanced Settings generic via filter on the_content --><!-- AddThis Share Buttons generic via filter on the_content --><!-- AddThis Related Posts generic via filter on the_content -->","protected":false},"excerpt":{"rendered":"<p>La R\u00e9publique gabonaise Nature du r\u00e9gime :\u00a0Pr\u00e9sidentielChef de l\u2019Etat : M. Brice Oligui Nguema (Pr\u00e9sident de la transition)Premi\u00e8re Ministre :\u00a0Raymond Ndong Sima (transition) Administration fiscale Direction g\u00e9n\u00e9rale des Imp\u00f4ts Directeur g\u00e9n\u00e9ral\u00a0: M. Eric BOUMAH Site Internet: Minist\u00e8re de l\u2019\u00c9conomie et des Participations (MEP) Le Gabon en quelques chiffres Capitale :\u00a0LibrevilleSuperficie :\u00a0267 667 km\u00b2Nombre d\u2019habitants : 2,485 millions (Ined, 2024)PIB\/hab (estimation)<\/p>","protected":false},"author":13,"featured_media":0,"parent":0,"menu_order":0,"comment_status":"closed","ping_status":"closed","template":"","meta":{"_acf_changed":false,"footnotes":""},"class_list":["post-389","page","type-page","status-publish","hentry"],"acf":[],"yoast_head":"<!-- This site is optimized with the Yoast SEO plugin v27.5 - https:\/\/yoast.com\/product\/yoast-seo-wordpress\/ -->\n<title>Gabon -<\/title>\n<meta name=\"robots\" content=\"index, follow, max-snippet:-1, max-image-preview:large, max-video-preview:-1\" \/>\n<link rel=\"canonical\" href=\"https:\/\/credaf.org\/en\/gabon\/\" \/>\n<meta property=\"og:locale\" content=\"en_US\" \/>\n<meta property=\"og:type\" content=\"article\" \/>\n<meta property=\"og:title\" content=\"Gabon -\" \/>\n<meta property=\"og:description\" content=\"La R\u00e9publique gabonaise Nature du r\u00e9gime :\u00a0Pr\u00e9sidentielChef de l\u2019Etat : M. Brice Oligui Nguema (Pr\u00e9sident de la transition)Premi\u00e8re Ministre :\u00a0Raymond Ndong Sima (transition) Administration fiscale Direction g\u00e9n\u00e9rale des Imp\u00f4ts Directeur g\u00e9n\u00e9ral\u00a0: M. Eric BOUMAH Site Internet: Minist\u00e8re de l\u2019\u00c9conomie et des Participations (MEP) Le Gabon en quelques chiffres Capitale :\u00a0LibrevilleSuperficie :\u00a0267 667 km\u00b2Nombre d\u2019habitants : 2,485 millions (Ined, 2024)PIB\/hab (estimation)\" \/>\n<meta property=\"og:url\" content=\"https:\/\/credaf.org\/en\/gabon\/\" \/>\n<meta property=\"article:modified_time\" content=\"2024-12-11T16:16:13+00:00\" \/>\n<meta property=\"og:image\" content=\"https:\/\/credaf.org\/wp-content\/uploads\/2023\/08\/Gabon.png\" \/>\n<meta name=\"twitter:card\" content=\"summary_large_image\" \/>\n<meta name=\"twitter:label1\" content=\"Est. reading time\" \/>\n\t<meta name=\"twitter:data1\" content=\"2 minutes\" \/>\n<script type=\"application\/ld+json\" class=\"yoast-schema-graph\">{\"@context\":\"https:\\\/\\\/schema.org\",\"@graph\":[{\"@type\":\"WebPage\",\"@id\":\"https:\\\/\\\/credaf.org\\\/gabon\\\/\",\"url\":\"https:\\\/\\\/credaf.org\\\/gabon\\\/\",\"name\":\"Gabon -\",\"isPartOf\":{\"@id\":\"https:\\\/\\\/credaf.org\\\/#website\"},\"primaryImageOfPage\":{\"@id\":\"https:\\\/\\\/credaf.org\\\/gabon\\\/#primaryimage\"},\"image\":{\"@id\":\"https:\\\/\\\/credaf.org\\\/gabon\\\/#primaryimage\"},\"thumbnailUrl\":\"https:\\\/\\\/credaf.org\\\/wp-content\\\/uploads\\\/2023\\\/08\\\/Gabon.png\",\"datePublished\":\"2016-08-29T00:06:29+00:00\",\"dateModified\":\"2024-12-11T16:16:13+00:00\",\"breadcrumb\":{\"@id\":\"https:\\\/\\\/credaf.org\\\/gabon\\\/#breadcrumb\"},\"inLanguage\":\"en-US\",\"potentialAction\":[{\"@type\":\"ReadAction\",\"target\":[\"https:\\\/\\\/credaf.org\\\/gabon\\\/\"]}]},{\"@type\":\"ImageObject\",\"inLanguage\":\"en-US\",\"@id\":\"https:\\\/\\\/credaf.org\\\/gabon\\\/#primaryimage\",\"url\":\"https:\\\/\\\/credaf.org\\\/wp-content\\\/uploads\\\/2023\\\/08\\\/Gabon.png\",\"contentUrl\":\"https:\\\/\\\/credaf.org\\\/wp-content\\\/uploads\\\/2023\\\/08\\\/Gabon.png\"},{\"@type\":\"BreadcrumbList\",\"@id\":\"https:\\\/\\\/credaf.org\\\/gabon\\\/#breadcrumb\",\"itemListElement\":[{\"@type\":\"ListItem\",\"position\":1,\"name\":\"Accueil\",\"item\":\"https:\\\/\\\/credaf.org\\\/\"},{\"@type\":\"ListItem\",\"position\":2,\"name\":\"Gabon\"}]},{\"@type\":\"WebSite\",\"@id\":\"https:\\\/\\\/credaf.org\\\/#website\",\"url\":\"https:\\\/\\\/credaf.org\\\/\",\"name\":\"\",\"description\":\"\",\"potentialAction\":[{\"@type\":\"SearchAction\",\"target\":{\"@type\":\"EntryPoint\",\"urlTemplate\":\"https:\\\/\\\/credaf.org\\\/?s={search_term_string}\"},\"query-input\":{\"@type\":\"PropertyValueSpecification\",\"valueRequired\":true,\"valueName\":\"search_term_string\"}}],\"inLanguage\":\"en-US\"}]}<\/script>\n<!-- \/ Yoast SEO plugin. -->","yoast_head_json":{"title":"Gabon -","robots":{"index":"index","follow":"follow","max-snippet":"max-snippet:-1","max-image-preview":"max-image-preview:large","max-video-preview":"max-video-preview:-1"},"canonical":"https:\/\/credaf.org\/en\/gabon\/","og_locale":"en_US","og_type":"article","og_title":"Gabon -","og_description":"La R\u00e9publique gabonaise Nature du r\u00e9gime :\u00a0Pr\u00e9sidentielChef de l\u2019Etat : M. Brice Oligui Nguema (Pr\u00e9sident de la transition)Premi\u00e8re Ministre :\u00a0Raymond Ndong Sima (transition) Administration fiscale Direction g\u00e9n\u00e9rale des Imp\u00f4ts Directeur g\u00e9n\u00e9ral\u00a0: M. Eric BOUMAH Site Internet: Minist\u00e8re de l\u2019\u00c9conomie et des Participations (MEP) Le Gabon en quelques chiffres Capitale :\u00a0LibrevilleSuperficie :\u00a0267 667 km\u00b2Nombre d\u2019habitants : 2,485 millions (Ined, 2024)PIB\/hab (estimation)","og_url":"https:\/\/credaf.org\/en\/gabon\/","article_modified_time":"2024-12-11T16:16:13+00:00","og_image":[{"url":"https:\/\/credaf.org\/wp-content\/uploads\/2023\/08\/Gabon.png","type":"","width":"","height":""}],"twitter_card":"summary_large_image","twitter_misc":{"Est. reading time":"2 minutes"},"schema":{"@context":"https:\/\/schema.org","@graph":[{"@type":"WebPage","@id":"https:\/\/credaf.org\/gabon\/","url":"https:\/\/credaf.org\/gabon\/","name":"Gabon -","isPartOf":{"@id":"https:\/\/credaf.org\/#website"},"primaryImageOfPage":{"@id":"https:\/\/credaf.org\/gabon\/#primaryimage"},"image":{"@id":"https:\/\/credaf.org\/gabon\/#primaryimage"},"thumbnailUrl":"https:\/\/credaf.org\/wp-content\/uploads\/2023\/08\/Gabon.png","datePublished":"2016-08-29T00:06:29+00:00","dateModified":"2024-12-11T16:16:13+00:00","breadcrumb":{"@id":"https:\/\/credaf.org\/gabon\/#breadcrumb"},"inLanguage":"en-US","potentialAction":[{"@type":"ReadAction","target":["https:\/\/credaf.org\/gabon\/"]}]},{"@type":"ImageObject","inLanguage":"en-US","@id":"https:\/\/credaf.org\/gabon\/#primaryimage","url":"https:\/\/credaf.org\/wp-content\/uploads\/2023\/08\/Gabon.png","contentUrl":"https:\/\/credaf.org\/wp-content\/uploads\/2023\/08\/Gabon.png"},{"@type":"BreadcrumbList","@id":"https:\/\/credaf.org\/gabon\/#breadcrumb","itemListElement":[{"@type":"ListItem","position":1,"name":"Accueil","item":"https:\/\/credaf.org\/"},{"@type":"ListItem","position":2,"name":"Gabon"}]},{"@type":"WebSite","@id":"https:\/\/credaf.org\/#website","url":"https:\/\/credaf.org\/","name":"","description":"","potentialAction":[{"@type":"SearchAction","target":{"@type":"EntryPoint","urlTemplate":"https:\/\/credaf.org\/?s={search_term_string}"},"query-input":{"@type":"PropertyValueSpecification","valueRequired":true,"valueName":"search_term_string"}}],"inLanguage":"en-US"}]}},"rttpg_featured_image_url":null,"rttpg_author":{"display_name":"sgcredaf","author_link":"https:\/\/credaf.org\/en\/author\/sgcredaf\/"},"rttpg_comment":0,"rttpg_category":null,"rttpg_excerpt":"La R\u00e9publique gabonaise Nature du r\u00e9gime :\u00a0Pr\u00e9sidentielChef de l\u2019Etat : M. Brice Oligui Nguema (Pr\u00e9sident de la transition)Premi\u00e8re Ministre :\u00a0Raymond Ndong Sima (transition) Administration fiscale Direction g\u00e9n\u00e9rale des Imp\u00f4ts Directeur g\u00e9n\u00e9ral\u00a0: M. Eric BOUMAH Site Internet: Minist\u00e8re de l\u2019\u00c9conomie et des Participations (MEP) Le Gabon en quelques chiffres Capitale :\u00a0LibrevilleSuperficie :\u00a0267 667 km\u00b2Nombre d\u2019habitants :&hellip;","_links":{"self":[{"href":"https:\/\/credaf.org\/en\/wp-json\/wp\/v2\/pages\/389","targetHints":{"allow":["GET"]}}],"collection":[{"href":"https:\/\/credaf.org\/en\/wp-json\/wp\/v2\/pages"}],"about":[{"href":"https:\/\/credaf.org\/en\/wp-json\/wp\/v2\/types\/page"}],"author":[{"embeddable":true,"href":"https:\/\/credaf.org\/en\/wp-json\/wp\/v2\/users\/13"}],"replies":[{"embeddable":true,"href":"https:\/\/credaf.org\/en\/wp-json\/wp\/v2\/comments?post=389"}],"version-history":[{"count":0,"href":"https:\/\/credaf.org\/en\/wp-json\/wp\/v2\/pages\/389\/revisions"}],"wp:attachment":[{"href":"https:\/\/credaf.org\/en\/wp-json\/wp\/v2\/media?parent=389"}],"curies":[{"name":"wp","href":"https:\/\/api.w.org\/{rel}","templated":true}]}}